{"id":58235,"date":"2025-10-29T11:15:12","date_gmt":"2025-10-29T10:15:12","guid":{"rendered":"https:\/\/www.vilademuro.net\/?post_type=tribe_events&#038;p=58235"},"modified":"2025-10-29T11:15:12","modified_gmt":"2025-10-29T10:15:12","slug":"curso-dale-al-rec","status":"publish","type":"tribe_events","link":"https:\/\/www.vilademuro.net\/es\/event\/curso-dale-al-rec\/","title":{"rendered":"CURSO \u00bb DALE AL REC \u00ab"},"content":{"rendered":"<p><span style=\"color: #000000\">Curso de 150 horas<\/span><br \/>\n<span style=\"color: #000000\">DEL 24 DE OCTUBRE AL 12 DE DICIEMBRE 2025<\/span><\/p>\n<p><span style=\"color: #000000\">Del 24\/10\/2025 al 31\/10\/2025 de 09 a 14h &#8211; 30 HORAS<\/span><br \/>\n<span style=\"color: #000000\">1. Empleabilidad y habilidades sociales<\/span><br \/>\n<span style=\"color: #000000\">2. Herramientas social media para la b\u00fasqueda de empleo<\/span><br \/>\n<span style=\"color: #000000\">FORMACI\u00d3N ESPEC\u00cdFICA<\/span><br \/>\n<span style=\"color: #000000\">Del 03\/11\/25 al 15\/12\/25 de 09 a 13h &#8211; 120 HORAS<\/span><\/p>\n<p><span style=\"color: #000000\">Contenidos<\/span><br \/>\n<span style=\"color: #000000\">\u00b7 Introducci\u00f3n al video con m\u00f3vil<\/span><br \/>\n<span style=\"color: #000000\">\u00b7 Uso de la c\u00e1mara y configuraciones<\/span><br \/>\n<span style=\"color: #000000\">\u00b7 Storytelling en redes sociales<\/span><br \/>\n<span style=\"color: #000000\">\u00b7 Movimientos de c\u00e1mara y estabilizaci\u00f3n<\/span><br \/>\n<span style=\"color: #000000\">\u00b7 Edici\u00f3n b\u00e1sica con apps m\u00f3viles<\/span><br \/>\n<span style=\"color: #000000\">\u00b7 Dise\u00f1o visual con apps gratuitas<\/span><br \/>\n<span style=\"color: #000000\">\u00b7 Grabaci\u00f3n y edici\u00f3n de entrevistas<\/span><br \/>\n<span style=\"color: #000000\">\u00b7 IA aplicada al v\u00eddeo<\/span><\/p>\n<p><span style=\"color: #000000\">LUGAR: <\/span><span style=\"color: #000000\">Formaci\u00f3n Troncal: <\/span><span style=\"color: #000000\">Carrer Sant Francesc, 10. Alcoy<\/span><br \/>\n<span style=\"color: #000000\">Formaci\u00f3n espec\u00edfica: <\/span><span style=\"color: #000000\">Academia Vicente Milla, C\/ Na Saurina d\u2019Enten\u00e7a, 42<\/span><br \/>\n<span style=\"color: #000000\">INFORMACI\u00d3N:<\/span><br \/>\n<span style=\"color: #000000\">WEB: www.camaraalcoy.net<\/span><br \/>\n<span style=\"color: #000000\">EMAIL: talentojoven@camaraalcoy.net\u00a0<\/span><br \/>\n<span style=\"color: #000000\">TEL\u00c9FONO: 965549100<\/span><br \/>\n<span style=\"color: #000000\">PRECIO: <\/span><span style=\"color: #000000\">Gratuito<\/span><\/p>\n<p><a href=\"https:\/\/www.vilademuro.net\/wp-content\/uploads\/2025\/10\/Flyer_Curso_DaleAlRec_CamaraJoven_A5-1.pdf\">Flyer_Curso_DaleAlRec_C\u00e1maraJoven_A5 (1)<\/a><\/p>\n<p>&nbsp;<\/p>\n","protected":false},"excerpt":{"rendered":"<p>Curso de 150 horas DEL 24 DE OCTUBRE AL 12 DE DICIEMBRE 2025 Del 24\/10\/2025 al 31\/10\/2025 de 09 a 14h &#8211; 30 HORAS 1. Empleabilidad y habilidades sociales 2. [&hellip;]<\/p>\n","protected":false},"author":9,"featured_media":58236,"template":"","meta":{"_et_pb_use_builder":"","_et_pb_old_content":"","_et_gb_content_width":"","_tribe_events_status":"","_tribe_events_status_reason":"","_tribe_events_is_hybrid":"","_tribe_events_is_virtual":"","_tribe_events_virtual_video_source":"","_tribe_events_virtual_embed_video":"","_tribe_events_virtual_linked_button_text":"","_tribe_events_virtual_linked_button":"","_tribe_events_virtual_show_embed_at":"","_tribe_events_virtual_show_embed_to":[],"_tribe_events_virtual_show_on_event":"","_tribe_events_virtual_show_on_views":"","_tribe_events_virtual_url":"","footnotes":""},"tags":[],"tribe_events_cat":[],"class_list":["post-58235","tribe_events","type-tribe_events","status-publish","has-post-thumbnail","hentry"],"yoast_head":"<!-- This site is optimized with the Yoast SEO plugin v27.1.1 - https:\/\/yoast.com\/product\/yoast-seo-wordpress\/ -->\n<title>CURSO &quot; DALE AL REC &quot; | Ajuntament de Muro<\/title>\n<meta name=\"robots\" content=\"index, follow, max-snippet:-1, max-image-preview:large, max-video-preview:-1\" \/>\n<link rel=\"canonical\" href=\"https:\/\/www.vilademuro.net\/es\/event\/curso-dale-al-rec\/\" \/>\n<meta property=\"og:locale\" content=\"es_ES\" \/>\n<meta property=\"og:type\" content=\"article\" \/>\n<meta property=\"og:title\" content=\"CURSO &quot; DALE AL REC &quot; | Ajuntament de Muro\" \/>\n<meta property=\"og:description\" content=\"Curso de 150 horas DEL 24 DE OCTUBRE AL 12 DE DICIEMBRE 2025 Del 24\/10\/2025 al 31\/10\/2025 de 09 a 14h &#8211; 30 HORAS 1. Empleabilidad y habilidades sociales 2. [&hellip;]\" \/>\n<meta property=\"og:url\" content=\"https:\/\/www.vilademuro.net\/es\/event\/curso-dale-al-rec\/\" \/>\n<meta property=\"og:site_name\" content=\"Ajuntament de Muro\" \/>\n<meta property=\"article:publisher\" content=\"https:\/\/www.facebook.com\/murodealcoy\" \/>\n<meta property=\"og:image\" content=\"https:\/\/www.vilademuro.net\/wp-content\/uploads\/2025\/10\/DALE-AL-REC.jpg\" \/>\n\t<meta property=\"og:image:width\" content=\"1080\" \/>\n\t<meta property=\"og:image:height\" content=\"1350\" \/>\n\t<meta property=\"og:image:type\" content=\"image\/jpeg\" \/>\n<meta name=\"twitter:card\" content=\"summary_large_image\" \/>\n<meta name=\"twitter:site\" content=\"@AjuntamentMuro\" \/>\n<meta name=\"twitter:label1\" content=\"Tiempo de lectura\" \/>\n\t<meta name=\"twitter:data1\" content=\"1 minuto\" \/>\n<script type=\"application\/ld+json\" class=\"yoast-schema-graph\">{\"@context\":\"https:\/\/schema.org\",\"@graph\":[{\"@type\":\"WebPage\",\"@id\":\"https:\/\/www.vilademuro.net\/es\/event\/curso-dale-al-rec\/\",\"url\":\"https:\/\/www.vilademuro.net\/es\/event\/curso-dale-al-rec\/\",\"name\":\"CURSO \\\" DALE AL REC \\\" | Ajuntament de Muro\",\"isPartOf\":{\"@id\":\"https:\/\/www.vilademuro.net\/es\/#website\"},\"primaryImageOfPage\":{\"@id\":\"https:\/\/www.vilademuro.net\/es\/event\/curso-dale-al-rec\/#primaryimage\"},\"image\":{\"@id\":\"https:\/\/www.vilademuro.net\/es\/event\/curso-dale-al-rec\/#primaryimage\"},\"thumbnailUrl\":\"https:\/\/www.vilademuro.net\/wp-content\/uploads\/2025\/10\/DALE-AL-REC.jpg\",\"datePublished\":\"2025-10-29T10:15:12+00:00\",\"breadcrumb\":{\"@id\":\"https:\/\/www.vilademuro.net\/es\/event\/curso-dale-al-rec\/#breadcrumb\"},\"inLanguage\":\"es\",\"potentialAction\":[{\"@type\":\"ReadAction\",\"target\":[\"https:\/\/www.vilademuro.net\/es\/event\/curso-dale-al-rec\/\"]}]},{\"@type\":\"ImageObject\",\"inLanguage\":\"es\",\"@id\":\"https:\/\/www.vilademuro.net\/es\/event\/curso-dale-al-rec\/#primaryimage\",\"url\":\"https:\/\/www.vilademuro.net\/wp-content\/uploads\/2025\/10\/DALE-AL-REC.jpg\",\"contentUrl\":\"https:\/\/www.vilademuro.net\/wp-content\/uploads\/2025\/10\/DALE-AL-REC.jpg\",\"width\":1080,\"height\":1350},{\"@type\":\"BreadcrumbList\",\"@id\":\"https:\/\/www.vilademuro.net\/es\/event\/curso-dale-al-rec\/#breadcrumb\",\"itemListElement\":[{\"@type\":\"ListItem\",\"position\":1,\"name\":\"Inici\",\"item\":\"https:\/\/www.vilademuro.net\/es\/\"},{\"@type\":\"ListItem\",\"position\":2,\"name\":\"Eventos\",\"item\":\"https:\/\/www.vilademuro.net\/es\/events\/\"},{\"@type\":\"ListItem\",\"position\":3,\"name\":\"CURSO &#8221; DALE AL REC &#8220;\"}]},{\"@type\":\"WebSite\",\"@id\":\"https:\/\/www.vilademuro.net\/es\/#website\",\"url\":\"https:\/\/www.vilademuro.net\/es\/\",\"name\":\"Ajuntament de Muro d'Alcoi\",\"description\":\"P\u00e1gina web oficial de l&#039;Ajuntament de Muro\",\"publisher\":{\"@id\":\"https:\/\/www.vilademuro.net\/es\/#organization\"},\"potentialAction\":[{\"@type\":\"SearchAction\",\"target\":{\"@type\":\"EntryPoint\",\"urlTemplate\":\"https:\/\/www.vilademuro.net\/es\/?s={search_term_string}\"},\"query-input\":{\"@type\":\"PropertyValueSpecification\",\"valueRequired\":true,\"valueName\":\"search_term_string\"}}],\"inLanguage\":\"es\"},{\"@type\":\"Organization\",\"@id\":\"https:\/\/www.vilademuro.net\/es\/#organization\",\"name\":\"Ajuntament de Muro\",\"url\":\"https:\/\/www.vilademuro.net\/es\/\",\"logo\":{\"@type\":\"ImageObject\",\"inLanguage\":\"es\",\"@id\":\"https:\/\/www.vilademuro.net\/es\/#\/schema\/logo\/image\/\",\"url\":\"https:\/\/www.vilademuro.net\/wp-content\/uploads\/2022\/10\/LOGO3-2.jpg\",\"contentUrl\":\"https:\/\/www.vilademuro.net\/wp-content\/uploads\/2022\/10\/LOGO3-2.jpg\",\"width\":756,\"height\":517,\"caption\":\"Ajuntament de Muro\"},\"image\":{\"@id\":\"https:\/\/www.vilademuro.net\/es\/#\/schema\/logo\/image\/\"},\"sameAs\":[\"https:\/\/www.facebook.com\/murodealcoy\",\"https:\/\/x.com\/AjuntamentMuro\",\"https:\/\/www.youtube.com\/channel\/UC2rwbKfRqsd1Ncwm6Y1prQw\"]}]}<\/script>\n<!-- \/ Yoast SEO plugin. -->","yoast_head_json":{"title":"CURSO \" DALE AL REC \" | Ajuntament de Muro","robots":{"index":"index","follow":"follow","max-snippet":"max-snippet:-1","max-image-preview":"max-image-preview:large","max-video-preview":"max-video-preview:-1"},"canonical":"https:\/\/www.vilademuro.net\/es\/event\/curso-dale-al-rec\/","og_locale":"es_ES","og_type":"article","og_title":"CURSO \" DALE AL REC \" | Ajuntament de Muro","og_description":"Curso de 150 horas DEL 24 DE OCTUBRE AL 12 DE DICIEMBRE 2025 Del 24\/10\/2025 al 31\/10\/2025 de 09 a 14h &#8211; 30 HORAS 1. Empleabilidad y habilidades sociales 2. [&hellip;]","og_url":"https:\/\/www.vilademuro.net\/es\/event\/curso-dale-al-rec\/","og_site_name":"Ajuntament de Muro","article_publisher":"https:\/\/www.facebook.com\/murodealcoy","og_image":[{"width":1080,"height":1350,"url":"https:\/\/www.vilademuro.net\/wp-content\/uploads\/2025\/10\/DALE-AL-REC.jpg","type":"image\/jpeg"}],"twitter_card":"summary_large_image","twitter_site":"@AjuntamentMuro","twitter_misc":{"Tiempo de lectura":"1 minuto"},"schema":{"@context":"https:\/\/schema.org","@graph":[{"@type":"WebPage","@id":"https:\/\/www.vilademuro.net\/es\/event\/curso-dale-al-rec\/","url":"https:\/\/www.vilademuro.net\/es\/event\/curso-dale-al-rec\/","name":"CURSO \" DALE AL REC \" | Ajuntament de Muro","isPartOf":{"@id":"https:\/\/www.vilademuro.net\/es\/#website"},"primaryImageOfPage":{"@id":"https:\/\/www.vilademuro.net\/es\/event\/curso-dale-al-rec\/#primaryimage"},"image":{"@id":"https:\/\/www.vilademuro.net\/es\/event\/curso-dale-al-rec\/#primaryimage"},"thumbnailUrl":"https:\/\/www.vilademuro.net\/wp-content\/uploads\/2025\/10\/DALE-AL-REC.jpg","datePublished":"2025-10-29T10:15:12+00:00","breadcrumb":{"@id":"https:\/\/www.vilademuro.net\/es\/event\/curso-dale-al-rec\/#breadcrumb"},"inLanguage":"es","potentialAction":[{"@type":"ReadAction","target":["https:\/\/www.vilademuro.net\/es\/event\/curso-dale-al-rec\/"]}]},{"@type":"ImageObject","inLanguage":"es","@id":"https:\/\/www.vilademuro.net\/es\/event\/curso-dale-al-rec\/#primaryimage","url":"https:\/\/www.vilademuro.net\/wp-content\/uploads\/2025\/10\/DALE-AL-REC.jpg","contentUrl":"https:\/\/www.vilademuro.net\/wp-content\/uploads\/2025\/10\/DALE-AL-REC.jpg","width":1080,"height":1350},{"@type":"BreadcrumbList","@id":"https:\/\/www.vilademuro.net\/es\/event\/curso-dale-al-rec\/#breadcrumb","itemListElement":[{"@type":"ListItem","position":1,"name":"Inici","item":"https:\/\/www.vilademuro.net\/es\/"},{"@type":"ListItem","position":2,"name":"Eventos","item":"https:\/\/www.vilademuro.net\/es\/events\/"},{"@type":"ListItem","position":3,"name":"CURSO &#8221; DALE AL REC &#8220;"}]},{"@type":"WebSite","@id":"https:\/\/www.vilademuro.net\/es\/#website","url":"https:\/\/www.vilademuro.net\/es\/","name":"Ajuntament de Muro d'Alcoi","description":"P\u00e1gina web oficial de l&#039;Ajuntament de Muro","publisher":{"@id":"https:\/\/www.vilademuro.net\/es\/#organization"},"potentialAction":[{"@type":"SearchAction","target":{"@type":"EntryPoint","urlTemplate":"https:\/\/www.vilademuro.net\/es\/?s={search_term_string}"},"query-input":{"@type":"PropertyValueSpecification","valueRequired":true,"valueName":"search_term_string"}}],"inLanguage":"es"},{"@type":"Organization","@id":"https:\/\/www.vilademuro.net\/es\/#organization","name":"Ajuntament de Muro","url":"https:\/\/www.vilademuro.net\/es\/","logo":{"@type":"ImageObject","inLanguage":"es","@id":"https:\/\/www.vilademuro.net\/es\/#\/schema\/logo\/image\/","url":"https:\/\/www.vilademuro.net\/wp-content\/uploads\/2022\/10\/LOGO3-2.jpg","contentUrl":"https:\/\/www.vilademuro.net\/wp-content\/uploads\/2022\/10\/LOGO3-2.jpg","width":756,"height":517,"caption":"Ajuntament de Muro"},"image":{"@id":"https:\/\/www.vilademuro.net\/es\/#\/schema\/logo\/image\/"},"sameAs":["https:\/\/www.facebook.com\/murodealcoy","https:\/\/x.com\/AjuntamentMuro","https:\/\/www.youtube.com\/channel\/UC2rwbKfRqsd1Ncwm6Y1prQw"]}]}},"_links":{"self":[{"href":"https:\/\/www.vilademuro.net\/es\/wp-json\/wp\/v2\/tribe_events\/58235","targetHints":{"allow":["GET"]}}],"collection":[{"href":"https:\/\/www.vilademuro.net\/es\/wp-json\/wp\/v2\/tribe_events"}],"about":[{"href":"https:\/\/www.vilademuro.net\/es\/wp-json\/wp\/v2\/types\/tribe_events"}],"author":[{"embeddable":true,"href":"https:\/\/www.vilademuro.net\/es\/wp-json\/wp\/v2\/users\/9"}],"version-history":[{"count":1,"href":"https:\/\/www.vilademuro.net\/es\/wp-json\/wp\/v2\/tribe_events\/58235\/revisions"}],"predecessor-version":[{"id":58238,"href":"https:\/\/www.vilademuro.net\/es\/wp-json\/wp\/v2\/tribe_events\/58235\/revisions\/58238"}],"wp:featuredmedia":[{"embeddable":true,"href":"https:\/\/www.vilademuro.net\/es\/wp-json\/wp\/v2\/media\/58236"}],"wp:attachment":[{"href":"https:\/\/www.vilademuro.net\/es\/wp-json\/wp\/v2\/media?parent=58235"}],"wp:term":[{"taxonomy":"post_tag","embeddable":true,"href":"https:\/\/www.vilademuro.net\/es\/wp-json\/wp\/v2\/tags?post=58235"},{"taxonomy":"tribe_events_cat","embeddable":true,"href":"https:\/\/www.vilademuro.net\/es\/wp-json\/wp\/v2\/tribe_events_cat?post=58235"}],"curies":[{"name":"wp","href":"https:\/\/api.w.org\/{rel}","templated":true}]}}