{"id":57571,"date":"2025-09-22T12:16:22","date_gmt":"2025-09-22T10:16:22","guid":{"rendered":"https:\/\/www.vilademuro.net\/event\/i-fira-demprenedoria-i-ocupabilitat\/"},"modified":"2025-09-22T12:31:12","modified_gmt":"2025-09-22T10:31:12","slug":"i-fira-demprenedoria-i-ocupabilitat","status":"publish","type":"tribe_events","link":"https:\/\/www.vilademuro.net\/es\/event\/i-fira-demprenedoria-i-ocupabilitat\/","title":{"rendered":"I Fira d\u2019Emprenedoria i Ocupabilitat"},"content":{"rendered":"<p><span style=\"color: #000000;font-size: 12pt\"><span style=\"font-size: 10pt\">Muro acoge la I Feria de Emprendimiento y Empleabilidad el pr\u00f3ximo 26 de septiembre.<br \/>\nEl evento nace con el objetivo de situar a Muro como una posibilidad econ\u00f3mica y laboral, adem\u00e1s de crear tejidos colaborativos entre empresas<br \/>\nEl pr\u00f3ximo viernes 26 de septiembre, de 9 a 14 horas, el Archivo Municipal de Muro acoger\u00e1 la primera edici\u00f3n de la Feria de Emprendimiento y Empleabilidad, una iniciativa pionera en el municipio que busca ubicarlo como referente comarcal en materia de oportunidades laborales y de creaci\u00f3n de empresas.<br \/>\nEl evento, organizado por la agencia de comunicaci\u00f3n BeeWall con el Ayuntamiento de Muro y la Concejal\u00eda de Promoci\u00f3n Econ\u00f3mica -y que cuenta con la financiaci\u00f3n de la Diputaci\u00f3n de Alicante-, nace con la voluntad de dar visibilidad al talento local, crear tejidos colaborativos y mostrar que Muro es una opci\u00f3n real para emprender, buscar trabajo, crecer y consolidar proyectos. Y, por tanto, como un epicentro de creaci\u00f3n de trabajo.<br \/>\nSeg\u00fan los organizadores, la feria responde a una necesidad compartida por muchas personas del pueblo y la comarca. Buscan romper con la idea de que las oportunidades s\u00f3lo existen en las grandes ciudades y posicionar a Muro como una alternativa que ofrece todas las ventajas del pueblo sin renunciar a un rendimiento empresarial y laboral excepcional.<br \/>\nUn programa variado y transversal.<br \/>\nLa jornada ofrecer\u00e1 charlas, talleres y mesas redondas con la participaci\u00f3n de entidades de apoyo al emprendimiento y la b\u00fasqueda de empleo, empresas emergentes y negocios consolidados del pueblo. Adem\u00e1s, se habilitar\u00e1n stands expositivos para que los asistentes conozcan de cerca los productos y servicios de las empresas participantes. Tambi\u00e9n habr\u00e1 stands informativos en los que las entidades de promoci\u00f3n y ayuda que colaboren podr\u00e1n atender las necesidades de aquellas personas que no quieren crear un proyecto, sino unirse a otro.<br \/>\nEl programa previsto es el siguiente:<br \/>\n\u25cf 9:00 \u2013 9:15 h. Recibimiento de participantes e inauguraci\u00f3n<br \/>\n\u25cf 9:15 \u2013 9:45 h. ACTAIO \u2013 Descubre tus superpoderes y marca un objetivo<br \/>\n\u25cf 9:45 \u2013 10:15 h. CEEI &#8211; CEEI Alcoy Valencia: Recursos de proximidad para emprender<br \/>\n\u25cf 10:15 \u2013 11:15 h. Emergentes en Muro: emprender, retos y \u00e9xitos con BeeWall, Domingo de Juegos, Barrilada, Almazara L&#8217;Alqueria y Miguel Ribes.<br \/>\n\u25cf 11:15 \u2013 12:00 h. Coffee Break &amp; Networking<br \/>\n\u25cf 12:00 \u2013 12:45 h. Taller pr\u00e1ctico: Crea tu marca y muestra la mejor versi\u00f3n de ti mismo<br \/>\n\u25cf 12:45 \u2013 13:45 h. (aprox.) Mesa redonda Hecho en Muro: consolidarse y crecer en nuestro pueblo con VCON, Karme Nature, Almassara L&#8217;Alqueria y Guitarras Alhambra.<br \/>\nDiversidad de perfiles y experiencias<br \/>\nEl cartel re\u00fane a empresas consolidadas con proyecci\u00f3n internacional como Guitarras Alhambra, Karma Nature o VCON, junto a proyectos emergentes como BeeWall o Domingo de Juegos, adem\u00e1s de negocios arraigados en el territorio y vinculados a sectores estrat\u00e9gicos como el agroalimentario o el wellness. Esta combinaci\u00f3n garantiza una visi\u00f3n global del emprendimiento y el trabajo: desde los primeros pasos hasta la consolidaci\u00f3n.<br \/>\nLa feria tambi\u00e9n busca fomentar el networking entre generaciones: j\u00f3venes que buscan su primer camino profesional, profesionales que desean reinventarse y empresas con trayectoria que deseen ampliar sus redes y abrir nuevos mercados.<br \/>\nUna apuesta por el futuro del pueblo<br \/>\nA trav\u00e9s de esta primera edici\u00f3n, Muro quiere reivindicarse como un municipio con potencial y talento suficiente para atraer y retener a personas con iniciativa. La feria es adem\u00e1s un espacio para inspirar y visibilizar iniciativas que demuestran que el desarrollo econ\u00f3mico y social tambi\u00e9n es posible desde los pueblos.<br \/>\nLa entrada es libre y abierta a toda la ciudadan\u00eda. Las inscripciones est\u00e1n abiertas en el siguiente <a href=\"https:\/\/docs.google.com\/forms\/d\/e\/1FAIpQLScLiFKfyS2s_5MxJuwCzqNDdp0kzzoCgHJvjG2eRGgs6ht7XA\/viewform\">enlace.<\/a><br \/>\nM\u00e1s informaci\u00f3n y programa completo en: <a href=\"http:\/\/ocupabilitat.beewall.es\">ocupabilitat.beewall.es<\/a><br \/>\n<a href=\"https:\/\/www.vilademuro.net\/wp-content\/uploads\/2025\/09\/CARTELL_I-FIRA-OCUPABILITAT-MURO.pdf\"><img loading=\"lazy\" decoding=\"async\" class=\"alignnone size-medium wp-image-57566\" src=\"https:\/\/www.vilademuro.net\/wp-content\/uploads\/2025\/09\/I-FIRA-OCUPABILITAT-MURO-213x300.jpeg\" alt=\"\" width=\"213\" height=\"300\" \/><\/a><\/span><\/span><strong><span style=\"color: #000000;font-size: 12pt\"><br \/>\n<\/span><\/strong><\/p>\n","protected":false},"excerpt":{"rendered":"<p>Muro acoge la I Feria de Emprendimiento y Empleabilidad el pr\u00f3ximo 26 de septiembre. El evento nace con el objetivo de situar a Muro como una posibilidad econ\u00f3mica y laboral, [&hellip;]<\/p>\n","protected":false},"author":9,"featured_media":57567,"template":"","meta":{"_et_pb_use_builder":"","_et_pb_old_content":"","_et_gb_content_width":"","_tribe_events_status":"","_tribe_events_status_reason":"","_tribe_events_is_hybrid":"","_tribe_events_is_virtual":"","_tribe_events_virtual_video_source":"","_tribe_events_virtual_embed_video":"","_tribe_events_virtual_linked_button_text":"","_tribe_events_virtual_linked_button":"","_tribe_events_virtual_show_embed_at":"","_tribe_events_virtual_show_embed_to":[],"_tribe_events_virtual_show_on_event":"","_tribe_events_virtual_show_on_views":"","_tribe_events_virtual_url":"","footnotes":""},"tags":[],"tribe_events_cat":[],"class_list":["post-57571","tribe_events","type-tribe_events","status-publish","has-post-thumbnail","hentry"],"yoast_head":"<!-- This site is optimized with the Yoast SEO plugin v27.1.1 - https:\/\/yoast.com\/product\/yoast-seo-wordpress\/ -->\n<title>I Fira d\u2019Emprenedoria i Ocupabilitat | Ajuntament de Muro<\/title>\n<meta name=\"robots\" content=\"index, follow, max-snippet:-1, max-image-preview:large, max-video-preview:-1\" \/>\n<link rel=\"canonical\" href=\"https:\/\/www.vilademuro.net\/es\/event\/i-fira-demprenedoria-i-ocupabilitat\/\" \/>\n<meta property=\"og:locale\" content=\"es_ES\" \/>\n<meta property=\"og:type\" content=\"article\" \/>\n<meta property=\"og:title\" content=\"I Fira d\u2019Emprenedoria i Ocupabilitat | Ajuntament de Muro\" \/>\n<meta property=\"og:description\" content=\"Muro acoge la I Feria de Emprendimiento y Empleabilidad el pr\u00f3ximo 26 de septiembre. El evento nace con el objetivo de situar a Muro como una posibilidad econ\u00f3mica y laboral, [&hellip;]\" \/>\n<meta property=\"og:url\" content=\"https:\/\/www.vilademuro.net\/es\/event\/i-fira-demprenedoria-i-ocupabilitat\/\" \/>\n<meta property=\"og:site_name\" content=\"Ajuntament de Muro\" \/>\n<meta property=\"article:publisher\" content=\"https:\/\/www.facebook.com\/murodealcoy\" \/>\n<meta property=\"article:modified_time\" content=\"2025-09-22T10:31:12+00:00\" \/>\n<meta property=\"og:image\" content=\"https:\/\/www.vilademuro.net\/wp-content\/uploads\/2025\/09\/I-FIRA-OCUPABILITAT-MURO.jpeg\" \/>\n\t<meta property=\"og:image:width\" content=\"1138\" \/>\n\t<meta property=\"og:image:height\" content=\"1600\" \/>\n\t<meta property=\"og:image:type\" content=\"image\/jpeg\" \/>\n<meta name=\"twitter:card\" content=\"summary_large_image\" \/>\n<meta name=\"twitter:site\" content=\"@AjuntamentMuro\" \/>\n<meta name=\"twitter:label1\" content=\"Tiempo de lectura\" \/>\n\t<meta name=\"twitter:data1\" content=\"3 minutos\" \/>\n<script type=\"application\/ld+json\" class=\"yoast-schema-graph\">{\"@context\":\"https:\/\/schema.org\",\"@graph\":[{\"@type\":\"WebPage\",\"@id\":\"https:\/\/www.vilademuro.net\/es\/event\/i-fira-demprenedoria-i-ocupabilitat\/\",\"url\":\"https:\/\/www.vilademuro.net\/es\/event\/i-fira-demprenedoria-i-ocupabilitat\/\",\"name\":\"I Fira d\u2019Emprenedoria i Ocupabilitat | Ajuntament de Muro\",\"isPartOf\":{\"@id\":\"https:\/\/www.vilademuro.net\/es\/#website\"},\"primaryImageOfPage\":{\"@id\":\"https:\/\/www.vilademuro.net\/es\/event\/i-fira-demprenedoria-i-ocupabilitat\/#primaryimage\"},\"image\":{\"@id\":\"https:\/\/www.vilademuro.net\/es\/event\/i-fira-demprenedoria-i-ocupabilitat\/#primaryimage\"},\"thumbnailUrl\":\"https:\/\/www.vilademuro.net\/wp-content\/uploads\/2025\/09\/I-FIRA-OCUPABILITAT-MURO.jpeg\",\"datePublished\":\"2025-09-22T10:16:22+00:00\",\"dateModified\":\"2025-09-22T10:31:12+00:00\",\"breadcrumb\":{\"@id\":\"https:\/\/www.vilademuro.net\/es\/event\/i-fira-demprenedoria-i-ocupabilitat\/#breadcrumb\"},\"inLanguage\":\"es\",\"potentialAction\":[{\"@type\":\"ReadAction\",\"target\":[\"https:\/\/www.vilademuro.net\/es\/event\/i-fira-demprenedoria-i-ocupabilitat\/\"]}]},{\"@type\":\"ImageObject\",\"inLanguage\":\"es\",\"@id\":\"https:\/\/www.vilademuro.net\/es\/event\/i-fira-demprenedoria-i-ocupabilitat\/#primaryimage\",\"url\":\"https:\/\/www.vilademuro.net\/wp-content\/uploads\/2025\/09\/I-FIRA-OCUPABILITAT-MURO.jpeg\",\"contentUrl\":\"https:\/\/www.vilademuro.net\/wp-content\/uploads\/2025\/09\/I-FIRA-OCUPABILITAT-MURO.jpeg\",\"width\":1138,\"height\":1600},{\"@type\":\"BreadcrumbList\",\"@id\":\"https:\/\/www.vilademuro.net\/es\/event\/i-fira-demprenedoria-i-ocupabilitat\/#breadcrumb\",\"itemListElement\":[{\"@type\":\"ListItem\",\"position\":1,\"name\":\"Inici\",\"item\":\"https:\/\/www.vilademuro.net\/es\/\"},{\"@type\":\"ListItem\",\"position\":2,\"name\":\"Eventos\",\"item\":\"https:\/\/www.vilademuro.net\/es\/events\/\"},{\"@type\":\"ListItem\",\"position\":3,\"name\":\"I Fira d\u2019Emprenedoria i Ocupabilitat\"}]},{\"@type\":\"WebSite\",\"@id\":\"https:\/\/www.vilademuro.net\/es\/#website\",\"url\":\"https:\/\/www.vilademuro.net\/es\/\",\"name\":\"Ajuntament de Muro d'Alcoi\",\"description\":\"P\u00e1gina web oficial de l&#039;Ajuntament de Muro\",\"publisher\":{\"@id\":\"https:\/\/www.vilademuro.net\/es\/#organization\"},\"potentialAction\":[{\"@type\":\"SearchAction\",\"target\":{\"@type\":\"EntryPoint\",\"urlTemplate\":\"https:\/\/www.vilademuro.net\/es\/?s={search_term_string}\"},\"query-input\":{\"@type\":\"PropertyValueSpecification\",\"valueRequired\":true,\"valueName\":\"search_term_string\"}}],\"inLanguage\":\"es\"},{\"@type\":\"Organization\",\"@id\":\"https:\/\/www.vilademuro.net\/es\/#organization\",\"name\":\"Ajuntament de Muro\",\"url\":\"https:\/\/www.vilademuro.net\/es\/\",\"logo\":{\"@type\":\"ImageObject\",\"inLanguage\":\"es\",\"@id\":\"https:\/\/www.vilademuro.net\/es\/#\/schema\/logo\/image\/\",\"url\":\"https:\/\/www.vilademuro.net\/wp-content\/uploads\/2022\/10\/LOGO3-2.jpg\",\"contentUrl\":\"https:\/\/www.vilademuro.net\/wp-content\/uploads\/2022\/10\/LOGO3-2.jpg\",\"width\":756,\"height\":517,\"caption\":\"Ajuntament de Muro\"},\"image\":{\"@id\":\"https:\/\/www.vilademuro.net\/es\/#\/schema\/logo\/image\/\"},\"sameAs\":[\"https:\/\/www.facebook.com\/murodealcoy\",\"https:\/\/x.com\/AjuntamentMuro\",\"https:\/\/www.youtube.com\/channel\/UC2rwbKfRqsd1Ncwm6Y1prQw\"]}]}<\/script>\n<!-- \/ Yoast SEO plugin. -->","yoast_head_json":{"title":"I Fira d\u2019Emprenedoria i Ocupabilitat | Ajuntament de Muro","robots":{"index":"index","follow":"follow","max-snippet":"max-snippet:-1","max-image-preview":"max-image-preview:large","max-video-preview":"max-video-preview:-1"},"canonical":"https:\/\/www.vilademuro.net\/es\/event\/i-fira-demprenedoria-i-ocupabilitat\/","og_locale":"es_ES","og_type":"article","og_title":"I Fira d\u2019Emprenedoria i Ocupabilitat | Ajuntament de Muro","og_description":"Muro acoge la I Feria de Emprendimiento y Empleabilidad el pr\u00f3ximo 26 de septiembre. El evento nace con el objetivo de situar a Muro como una posibilidad econ\u00f3mica y laboral, [&hellip;]","og_url":"https:\/\/www.vilademuro.net\/es\/event\/i-fira-demprenedoria-i-ocupabilitat\/","og_site_name":"Ajuntament de Muro","article_publisher":"https:\/\/www.facebook.com\/murodealcoy","article_modified_time":"2025-09-22T10:31:12+00:00","og_image":[{"width":1138,"height":1600,"url":"https:\/\/www.vilademuro.net\/wp-content\/uploads\/2025\/09\/I-FIRA-OCUPABILITAT-MURO.jpeg","type":"image\/jpeg"}],"twitter_card":"summary_large_image","twitter_site":"@AjuntamentMuro","twitter_misc":{"Tiempo de lectura":"3 minutos"},"schema":{"@context":"https:\/\/schema.org","@graph":[{"@type":"WebPage","@id":"https:\/\/www.vilademuro.net\/es\/event\/i-fira-demprenedoria-i-ocupabilitat\/","url":"https:\/\/www.vilademuro.net\/es\/event\/i-fira-demprenedoria-i-ocupabilitat\/","name":"I Fira d\u2019Emprenedoria i Ocupabilitat | Ajuntament de Muro","isPartOf":{"@id":"https:\/\/www.vilademuro.net\/es\/#website"},"primaryImageOfPage":{"@id":"https:\/\/www.vilademuro.net\/es\/event\/i-fira-demprenedoria-i-ocupabilitat\/#primaryimage"},"image":{"@id":"https:\/\/www.vilademuro.net\/es\/event\/i-fira-demprenedoria-i-ocupabilitat\/#primaryimage"},"thumbnailUrl":"https:\/\/www.vilademuro.net\/wp-content\/uploads\/2025\/09\/I-FIRA-OCUPABILITAT-MURO.jpeg","datePublished":"2025-09-22T10:16:22+00:00","dateModified":"2025-09-22T10:31:12+00:00","breadcrumb":{"@id":"https:\/\/www.vilademuro.net\/es\/event\/i-fira-demprenedoria-i-ocupabilitat\/#breadcrumb"},"inLanguage":"es","potentialAction":[{"@type":"ReadAction","target":["https:\/\/www.vilademuro.net\/es\/event\/i-fira-demprenedoria-i-ocupabilitat\/"]}]},{"@type":"ImageObject","inLanguage":"es","@id":"https:\/\/www.vilademuro.net\/es\/event\/i-fira-demprenedoria-i-ocupabilitat\/#primaryimage","url":"https:\/\/www.vilademuro.net\/wp-content\/uploads\/2025\/09\/I-FIRA-OCUPABILITAT-MURO.jpeg","contentUrl":"https:\/\/www.vilademuro.net\/wp-content\/uploads\/2025\/09\/I-FIRA-OCUPABILITAT-MURO.jpeg","width":1138,"height":1600},{"@type":"BreadcrumbList","@id":"https:\/\/www.vilademuro.net\/es\/event\/i-fira-demprenedoria-i-ocupabilitat\/#breadcrumb","itemListElement":[{"@type":"ListItem","position":1,"name":"Inici","item":"https:\/\/www.vilademuro.net\/es\/"},{"@type":"ListItem","position":2,"name":"Eventos","item":"https:\/\/www.vilademuro.net\/es\/events\/"},{"@type":"ListItem","position":3,"name":"I Fira d\u2019Emprenedoria i Ocupabilitat"}]},{"@type":"WebSite","@id":"https:\/\/www.vilademuro.net\/es\/#website","url":"https:\/\/www.vilademuro.net\/es\/","name":"Ajuntament de Muro d'Alcoi","description":"P\u00e1gina web oficial de l&#039;Ajuntament de Muro","publisher":{"@id":"https:\/\/www.vilademuro.net\/es\/#organization"},"potentialAction":[{"@type":"SearchAction","target":{"@type":"EntryPoint","urlTemplate":"https:\/\/www.vilademuro.net\/es\/?s={search_term_string}"},"query-input":{"@type":"PropertyValueSpecification","valueRequired":true,"valueName":"search_term_string"}}],"inLanguage":"es"},{"@type":"Organization","@id":"https:\/\/www.vilademuro.net\/es\/#organization","name":"Ajuntament de Muro","url":"https:\/\/www.vilademuro.net\/es\/","logo":{"@type":"ImageObject","inLanguage":"es","@id":"https:\/\/www.vilademuro.net\/es\/#\/schema\/logo\/image\/","url":"https:\/\/www.vilademuro.net\/wp-content\/uploads\/2022\/10\/LOGO3-2.jpg","contentUrl":"https:\/\/www.vilademuro.net\/wp-content\/uploads\/2022\/10\/LOGO3-2.jpg","width":756,"height":517,"caption":"Ajuntament de Muro"},"image":{"@id":"https:\/\/www.vilademuro.net\/es\/#\/schema\/logo\/image\/"},"sameAs":["https:\/\/www.facebook.com\/murodealcoy","https:\/\/x.com\/AjuntamentMuro","https:\/\/www.youtube.com\/channel\/UC2rwbKfRqsd1Ncwm6Y1prQw"]}]}},"_links":{"self":[{"href":"https:\/\/www.vilademuro.net\/es\/wp-json\/wp\/v2\/tribe_events\/57571","targetHints":{"allow":["GET"]}}],"collection":[{"href":"https:\/\/www.vilademuro.net\/es\/wp-json\/wp\/v2\/tribe_events"}],"about":[{"href":"https:\/\/www.vilademuro.net\/es\/wp-json\/wp\/v2\/types\/tribe_events"}],"author":[{"embeddable":true,"href":"https:\/\/www.vilademuro.net\/es\/wp-json\/wp\/v2\/users\/9"}],"version-history":[{"count":2,"href":"https:\/\/www.vilademuro.net\/es\/wp-json\/wp\/v2\/tribe_events\/57571\/revisions"}],"predecessor-version":[{"id":57573,"href":"https:\/\/www.vilademuro.net\/es\/wp-json\/wp\/v2\/tribe_events\/57571\/revisions\/57573"}],"wp:featuredmedia":[{"embeddable":true,"href":"https:\/\/www.vilademuro.net\/es\/wp-json\/wp\/v2\/media\/57567"}],"wp:attachment":[{"href":"https:\/\/www.vilademuro.net\/es\/wp-json\/wp\/v2\/media?parent=57571"}],"wp:term":[{"taxonomy":"post_tag","embeddable":true,"href":"https:\/\/www.vilademuro.net\/es\/wp-json\/wp\/v2\/tags?post=57571"},{"taxonomy":"tribe_events_cat","embeddable":true,"href":"https:\/\/www.vilademuro.net\/es\/wp-json\/wp\/v2\/tribe_events_cat?post=57571"}],"curies":[{"name":"wp","href":"https:\/\/api.w.org\/{rel}","templated":true}]}}