{"id":57426,"date":"2025-09-11T11:25:27","date_gmt":"2025-09-11T09:25:27","guid":{"rendered":"https:\/\/www.vilademuro.net\/?post_type=tribe_events&#038;p=57426"},"modified":"2025-09-19T14:35:55","modified_gmt":"2025-09-19T12:35:55","slug":"iv-jornades-de-memoria-historica-i-democratica","status":"publish","type":"tribe_events","link":"https:\/\/www.vilademuro.net\/es\/event\/iv-jornades-de-memoria-historica-i-democratica\/","title":{"rendered":"IV Jornades de Mem\u00f2ria Hist\u00f2rica i Democr\u00e0tica"},"content":{"rendered":"<h1 data-start=\"159\" data-end=\"268\">Muro inaugura les IV Jornades de Mem\u00f2ria Hist\u00f2rica i Democr\u00e0tica a l\u2019Alcoi\u00e0 i el Comtat<\/h1>\n<p data-start=\"270\" data-end=\"537\">Muro ser\u00e0 un dels escenaris principals de les <strong data-start=\"332\" data-end=\"405\">IV Jornades de Mem\u00f2ria Hist\u00f2rica i Democr\u00e0tica a l\u2019Alcoi\u00e0 i el Comtat<\/strong>, que tindran lloc del 18 de setembre al 23 d\u2019octubre de 2025 sota el lema <em data-start=\"480\" data-end=\"534\">\u201cDe la Repressi\u00f3 a la Transici\u00f3: Dones Republicanes\u201d<\/em>.<\/p>\n<p data-start=\"539\" data-end=\"925\">Aquestes Jornades, organitzades pel <strong data-start=\"575\" data-end=\"637\">F\u00f2rum per la Mem\u00f2ria Hist\u00f2rica i Democr\u00e0tica de Cocentaina<\/strong> amb la col\u00b7laboraci\u00f3 de diverses entitats i ajuntaments de la comarca, tenen com a objectiu <strong data-start=\"730\" data-end=\"922\">mantenir viva la mem\u00f2ria col\u00b7lectiva, recon\u00e9ixer el paper de les dones en els processos de repressi\u00f3 i transici\u00f3 democr\u00e0tica, i fomentar la reflexi\u00f3 cr\u00edtica sobre la nostra hist\u00f2ria recent<\/strong>.<\/p>\n<p data-start=\"927\" data-end=\"1216\">Amb un ampli programa d\u2019activitats que inclou presentacions de llibres, obres de teatre, projeccions de documentals, confer\u00e8ncies i exposicions, les Jornades es consoliden com un espai de trobada per a compartir coneixements, emocions i experi\u00e8ncies al voltant de la mem\u00f2ria democr\u00e0tica.<\/p>\n<p data-start=\"1218\" data-end=\"1402\">Muro, amb la seua implicaci\u00f3 activa, acollir\u00e0 nombroses cites culturals i de record que permetran apropar al p\u00fablic la hist\u00f2ria i les veus sovint oblidades de les dones republicanes.<\/p>\n<hr data-start=\"1404\" data-end=\"1407\" \/>\n<h2 data-start=\"1409\" data-end=\"1427\">? Actes a Muro<\/h2>\n<ul data-start=\"1429\" data-end=\"3061\">\n<li data-start=\"1429\" data-end=\"1624\">\n<p data-start=\"1431\" data-end=\"1624\"><strong data-start=\"1431\" data-end=\"1458\">Dijous 18 de setembre<\/strong> \u00b7 19.30 h \u00b7 <em data-start=\"1471\" data-end=\"1507\">Centre Cultural de la Vila de Muro<\/em><br data-start=\"1507\" data-end=\"1510\" \/>Presentaci\u00f3 del llibre <em data-start=\"1535\" data-end=\"1564\">Indignas hijas de su patria<\/em>, de Maria Palau i Marta Garc\u00eda.<br data-start=\"1596\" data-end=\"1599\" \/>Presenta: Mois\u00e8s P\u00e9rez.<\/p>\n<\/li>\n<\/ul>\n<p><img loading=\"lazy\" decoding=\"async\" class=\"wp-image-57431 size-large aligncenter\" src=\"https:\/\/www.vilademuro.net\/wp-content\/uploads\/2025\/09\/cartell-dia-18-694x1024.jpg\" alt=\"\" width=\"694\" height=\"1024\" \/><\/p>\n<ul data-start=\"1429\" data-end=\"3061\">\n<li data-start=\"1626\" data-end=\"1868\">\n<p data-start=\"1628\" data-end=\"1868\"><strong data-start=\"1628\" data-end=\"1653\">Divendres 19 de setembre<\/strong> \u00b7 19.30 h \u00b7 <em data-start=\"1666\" data-end=\"1683\">Arxiu Municipal<\/em><br data-start=\"1683\" data-end=\"1686\" \/>Inauguraci\u00f3 oficial de les IV Jornades i de l\u2019exposici\u00f3 <em data-start=\"1744\" data-end=\"1762\">Dones de Progr\u00e9s<\/em>, amb obra gr\u00e0fica de Norma Prats i Luis Ardev\u00ednez.<br data-start=\"1813\" data-end=\"1816\" \/>L\u2019exposici\u00f3 es podr\u00e0 visitar fins al 13 d\u2019octubre.<\/p>\n<\/li>\n<\/ul>\n<p><img loading=\"lazy\" decoding=\"async\" class=\"wp-image-57427 size-large aligncenter\" src=\"https:\/\/www.vilademuro.net\/wp-content\/uploads\/2025\/09\/cartell-dia-19-setembre-694x1024.jpg\" alt=\"\" width=\"694\" height=\"1024\" \/><\/p>\n<ul data-start=\"1429\" data-end=\"3061\">\n<li data-start=\"1870\" data-end=\"2263\">\n<p data-start=\"1872\" data-end=\"2263\"><strong data-start=\"1872\" data-end=\"1899\">Diumenge 21 de setembre<\/strong><br data-start=\"1899\" data-end=\"1902\" \/>\u00b7 11.00 h \u00b7 <em data-start=\"1916\" data-end=\"1933\">Arxiu Municipal<\/em><br data-start=\"1933\" data-end=\"1936\" \/>Acte d\u2019homenatge a les v\u00edctimes per la llibertat i els drets humans, amb visita al cementeri de Muro a la tomba de Raimundo Cots.<br data-start=\"2067\" data-end=\"2070\" \/>\u00b7 19.30 h \u00b7 <em data-start=\"2084\" data-end=\"2120\">Centre Cultural de la Vila de Muro<\/em><br data-start=\"2120\" data-end=\"2123\" \/>Obra de teatre <em data-start=\"2140\" data-end=\"2150\">Josefina<\/em>, d\u2019Oriol Pamies, amb Natalia Zamora, sobre la vida de Josefina Manresa i Miquel Hern\u00e1ndez.<br data-start=\"2241\" data-end=\"2244\" \/>?\ufe0f Entrada: 6 \u20ac.<\/p>\n<\/li>\n<\/ul>\n<p><img loading=\"lazy\" decoding=\"async\" class=\"aligncenter wp-image-57435 size-large\" src=\"https:\/\/www.vilademuro.net\/wp-content\/uploads\/2025\/09\/cartell-2122-setembre-694x1024.jpg\" alt=\"\" width=\"694\" height=\"1024\" \/><\/p>\n<ul data-start=\"1429\" data-end=\"3061\">\n<li data-start=\"2439\" data-end=\"2647\">\n<p data-start=\"2441\" data-end=\"2647\"><strong data-start=\"2441\" data-end=\"2468\">Dijous 25 de setembre<\/strong> \u00b7 19.30 h \u00b7 <em data-start=\"2481\" data-end=\"2498\">Arxiu Municipal<\/em><br data-start=\"2498\" data-end=\"2501\" \/>Confer\u00e8ncia del periodista Carlos Santos: <em data-start=\"2545\" data-end=\"2618\">Cinc hores que van canviar Espanya (i altres hist\u00f2ries de la Transici\u00f3)<\/em>.<br data-start=\"2619\" data-end=\"2622\" \/>Presenta: Joan Cascant.<\/p>\n<\/li>\n<\/ul>\n<p><img loading=\"lazy\" decoding=\"async\" class=\"aligncenter wp-image-57455 size-large\" src=\"https:\/\/www.vilademuro.net\/wp-content\/uploads\/2025\/09\/WhatsApp-Image-2025-09-11-at-13.45.32-694x1024.jpeg\" alt=\"Carlos Santos \" width=\"694\" height=\"1024\" \/><\/p>\n<ul data-start=\"1429\" data-end=\"3061\">\n<li data-start=\"2649\" data-end=\"2881\">\n<p data-start=\"2651\" data-end=\"2881\"><strong data-start=\"2651\" data-end=\"2674\">Dijous 16 d\u2019octubre<\/strong> \u00b7 19.00 h \u00b7 <em data-start=\"2687\" data-end=\"2704\">Arxiu Municipal<\/em><br data-start=\"2704\" data-end=\"2707\" \/>Inauguraci\u00f3 de l\u2019exposici\u00f3 <em data-start=\"2736\" data-end=\"2785\">Prietas las Filas. Vida quotidiana i franquisme<\/em>, comissariada per Jos\u00e9 Mar\u00eda Candela Guill\u00e9n i Andrea Moreno.<br data-start=\"2847\" data-end=\"2850\" \/>Oberta fins al 2 de novembre.<\/p>\n<\/li>\n<\/ul>\n<p><img loading=\"lazy\" decoding=\"async\" class=\"aligncenter wp-image-57439 size-large\" src=\"https:\/\/www.vilademuro.net\/wp-content\/uploads\/2025\/09\/cartell-16-doctubre-694x1024.jpg\" alt=\"\" width=\"694\" height=\"1024\" \/><\/p>\n<ul data-start=\"1429\" data-end=\"3061\">\n<li data-start=\"2883\" data-end=\"3061\">\n<p data-start=\"2885\" data-end=\"3061\"><strong data-start=\"2885\" data-end=\"2910\">Diumenge 19 d\u2019octubre<\/strong> \u00b7 19.00 h \u00b7 <em data-start=\"2923\" data-end=\"2959\">Centre Cultural de la Vila de Muro<\/em><br data-start=\"2959\" data-end=\"2962\" \/>Projecci\u00f3 del documental <em data-start=\"2989\" data-end=\"3011\">Flores bajo el hielo<\/em>, de Marco Potyomkin.<br data-start=\"3032\" data-end=\"3035\" \/>Presenta: Irene Monllor.<\/p>\n<\/li>\n<\/ul>\n<p><img loading=\"lazy\" decoding=\"async\" class=\"aligncenter wp-image-57429 size-large\" src=\"https:\/\/www.vilademuro.net\/wp-content\/uploads\/2025\/09\/cartell-19-doctubre-694x1024.jpg\" alt=\"\" width=\"694\" height=\"1024\" \/><\/p>\n<hr data-start=\"3063\" data-end=\"3066\" \/>\n<p data-start=\"3068\" data-end=\"3416\">Amb aquestes activitats, <strong data-start=\"3093\" data-end=\"3176\">Muro es converteix en punt de trobada per a la mem\u00f2ria i la cultura democr\u00e0tica<\/strong>, refor\u00e7ant el comprom\u00eds institucional amb la just\u00edcia hist\u00f2rica, el reconeixement a les v\u00edctimes i la transmissi\u00f3 d\u2019uns valors democr\u00e0tics que continuen sent fonamentals per al nostre present ifutur.<button class=\"ms-1 flex h-[25px] text-[10px] leading-[13px] rounded-xl items-center justify-center gap-1 px-2 relative text-token-text-secondary! hover:text-token-text-primary! hover:bg-token-bg-secondary dark:bg-token-main-surface-secondary dark:hover:bg-token-bg-secondary bg-[#f4f4f4] \"><\/button><\/p>\n<h2 data-start=\"3068\" data-end=\"3416\">Pots veure la programaci\u00f3 completa del Comtat i l&#8217;Alcoi\u00e0 ac\u00ed:<\/h2>\n<p><img loading=\"lazy\" decoding=\"async\" class=\"alignnone wp-image-57441 size-full\" src=\"https:\/\/www.vilademuro.net\/wp-content\/uploads\/2025\/09\/triptic-Jornades-1.jpg\" alt=\"\" width=\"1778\" height=\"1264\" srcset=\"https:\/\/www.vilademuro.net\/wp-content\/uploads\/2025\/09\/triptic-Jornades-1.jpg 1778w, https:\/\/www.vilademuro.net\/wp-content\/uploads\/2025\/09\/triptic-Jornades-1-1280x910.jpg 1280w, https:\/\/www.vilademuro.net\/wp-content\/uploads\/2025\/09\/triptic-Jornades-1-980x697.jpg 980w, https:\/\/www.vilademuro.net\/wp-content\/uploads\/2025\/09\/triptic-Jornades-1-480x341.jpg 480w\" sizes=\"(min-width: 0px) and (max-width: 480px) 480px, (min-width: 481px) and (max-width: 980px) 980px, (min-width: 981px) and (max-width: 1280px) 1280px, (min-width: 1281px) 1778px, 100vw\" \/> <img loading=\"lazy\" decoding=\"async\" class=\"alignnone wp-image-57443 size-full\" src=\"https:\/\/www.vilademuro.net\/wp-content\/uploads\/2025\/09\/triptic-Jornades-2.jpg\" alt=\"\" width=\"1778\" height=\"1264\" srcset=\"https:\/\/www.vilademuro.net\/wp-content\/uploads\/2025\/09\/triptic-Jornades-2.jpg 1778w, https:\/\/www.vilademuro.net\/wp-content\/uploads\/2025\/09\/triptic-Jornades-2-1280x910.jpg 1280w, https:\/\/www.vilademuro.net\/wp-content\/uploads\/2025\/09\/triptic-Jornades-2-980x697.jpg 980w, https:\/\/www.vilademuro.net\/wp-content\/uploads\/2025\/09\/triptic-Jornades-2-480x341.jpg 480w\" sizes=\"(min-width: 0px) and (max-width: 480px) 480px, (min-width: 481px) and (max-width: 980px) 980px, (min-width: 981px) and (max-width: 1280px) 1280px, (min-width: 1281px) 1778px, 100vw\" \/><\/p>\n<p data-start=\"3068\" data-end=\"3416\">\n","protected":false},"excerpt":{"rendered":"<p>Muro inaugura les IV Jornades de Mem\u00f2ria Hist\u00f2rica i Democr\u00e0tica a l\u2019Alcoi\u00e0 i el Comtat Muro ser\u00e0 un dels escenaris principals de les IV Jornades de Mem\u00f2ria Hist\u00f2rica i Democr\u00e0tica [&hellip;]<\/p>\n","protected":false},"author":32,"featured_media":57465,"template":"","meta":{"_et_pb_use_builder":"","_et_pb_old_content":"","_et_gb_content_width":"","_tribe_events_status":"","_tribe_events_status_reason":"","_tribe_events_is_hybrid":"","_tribe_events_is_virtual":"","_tribe_events_virtual_video_source":"","_tribe_events_virtual_embed_video":"","_tribe_events_virtual_linked_button_text":"","_tribe_events_virtual_linked_button":"","_tribe_events_virtual_show_embed_at":"","_tribe_events_virtual_show_embed_to":[],"_tribe_events_virtual_show_on_event":"","_tribe_events_virtual_show_on_views":"","_tribe_events_virtual_url":"","footnotes":""},"tags":[],"tribe_events_cat":[],"class_list":["post-57426","tribe_events","type-tribe_events","status-publish","has-post-thumbnail","hentry"],"yoast_head":"<!-- This site is optimized with the Yoast SEO plugin v27.1.1 - https:\/\/yoast.com\/product\/yoast-seo-wordpress\/ -->\n<title>IV Jornades de Mem\u00f2ria Hist\u00f2rica i Democr\u00e0tica | Ajuntament de Muro<\/title>\n<meta name=\"robots\" content=\"index, follow, max-snippet:-1, max-image-preview:large, max-video-preview:-1\" \/>\n<link rel=\"canonical\" href=\"https:\/\/www.vilademuro.net\/es\/event\/iv-jornades-de-memoria-historica-i-democratica\/\" \/>\n<meta property=\"og:locale\" content=\"es_ES\" \/>\n<meta property=\"og:type\" content=\"article\" \/>\n<meta property=\"og:title\" content=\"IV Jornades de Mem\u00f2ria Hist\u00f2rica i Democr\u00e0tica | Ajuntament de Muro\" \/>\n<meta property=\"og:description\" content=\"Muro inaugura les IV Jornades de Mem\u00f2ria Hist\u00f2rica i Democr\u00e0tica a l\u2019Alcoi\u00e0 i el Comtat Muro ser\u00e0 un dels escenaris principals de les IV Jornades de Mem\u00f2ria Hist\u00f2rica i Democr\u00e0tica [&hellip;]\" \/>\n<meta property=\"og:url\" content=\"https:\/\/www.vilademuro.net\/es\/event\/iv-jornades-de-memoria-historica-i-democratica\/\" \/>\n<meta property=\"og:site_name\" content=\"Ajuntament de Muro\" \/>\n<meta property=\"article:publisher\" content=\"https:\/\/www.facebook.com\/murodealcoy\" \/>\n<meta property=\"article:modified_time\" content=\"2025-09-19T12:35:55+00:00\" \/>\n<meta property=\"og:image\" content=\"https:\/\/www.vilademuro.net\/wp-content\/uploads\/2025\/09\/Copia-de-Muro-et-necessita-77-819x1024.png\" \/>\n\t<meta property=\"og:image:width\" content=\"819\" \/>\n\t<meta property=\"og:image:height\" content=\"1024\" \/>\n\t<meta property=\"og:image:type\" content=\"image\/png\" \/>\n<meta name=\"twitter:card\" content=\"summary_large_image\" \/>\n<meta name=\"twitter:site\" content=\"@AjuntamentMuro\" \/>\n<meta name=\"twitter:label1\" content=\"Tiempo de lectura\" \/>\n\t<meta name=\"twitter:data1\" content=\"5 minutos\" \/>\n<script type=\"application\/ld+json\" class=\"yoast-schema-graph\">{\"@context\":\"https:\/\/schema.org\",\"@graph\":[{\"@type\":\"WebPage\",\"@id\":\"https:\/\/www.vilademuro.net\/es\/event\/iv-jornades-de-memoria-historica-i-democratica\/\",\"url\":\"https:\/\/www.vilademuro.net\/es\/event\/iv-jornades-de-memoria-historica-i-democratica\/\",\"name\":\"IV Jornades de Mem\u00f2ria Hist\u00f2rica i Democr\u00e0tica | Ajuntament de Muro\",\"isPartOf\":{\"@id\":\"https:\/\/www.vilademuro.net\/es\/#website\"},\"primaryImageOfPage\":{\"@id\":\"https:\/\/www.vilademuro.net\/es\/event\/iv-jornades-de-memoria-historica-i-democratica\/#primaryimage\"},\"image\":{\"@id\":\"https:\/\/www.vilademuro.net\/es\/event\/iv-jornades-de-memoria-historica-i-democratica\/#primaryimage\"},\"thumbnailUrl\":\"https:\/\/www.vilademuro.net\/wp-content\/uploads\/2025\/09\/Copia-de-Muro-et-necessita-77.png\",\"datePublished\":\"2025-09-11T09:25:27+00:00\",\"dateModified\":\"2025-09-19T12:35:55+00:00\",\"breadcrumb\":{\"@id\":\"https:\/\/www.vilademuro.net\/es\/event\/iv-jornades-de-memoria-historica-i-democratica\/#breadcrumb\"},\"inLanguage\":\"es\",\"potentialAction\":[{\"@type\":\"ReadAction\",\"target\":[\"https:\/\/www.vilademuro.net\/es\/event\/iv-jornades-de-memoria-historica-i-democratica\/\"]}]},{\"@type\":\"ImageObject\",\"inLanguage\":\"es\",\"@id\":\"https:\/\/www.vilademuro.net\/es\/event\/iv-jornades-de-memoria-historica-i-democratica\/#primaryimage\",\"url\":\"https:\/\/www.vilademuro.net\/wp-content\/uploads\/2025\/09\/Copia-de-Muro-et-necessita-77.png\",\"contentUrl\":\"https:\/\/www.vilademuro.net\/wp-content\/uploads\/2025\/09\/Copia-de-Muro-et-necessita-77.png\",\"width\":1080,\"height\":1350},{\"@type\":\"BreadcrumbList\",\"@id\":\"https:\/\/www.vilademuro.net\/es\/event\/iv-jornades-de-memoria-historica-i-democratica\/#breadcrumb\",\"itemListElement\":[{\"@type\":\"ListItem\",\"position\":1,\"name\":\"Inici\",\"item\":\"https:\/\/www.vilademuro.net\/es\/\"},{\"@type\":\"ListItem\",\"position\":2,\"name\":\"Eventos\",\"item\":\"https:\/\/www.vilademuro.net\/es\/events\/\"},{\"@type\":\"ListItem\",\"position\":3,\"name\":\"IV Jornades de Mem\u00f2ria Hist\u00f2rica i Democr\u00e0tica\"}]},{\"@type\":\"WebSite\",\"@id\":\"https:\/\/www.vilademuro.net\/es\/#website\",\"url\":\"https:\/\/www.vilademuro.net\/es\/\",\"name\":\"Ajuntament de Muro d'Alcoi\",\"description\":\"P\u00e1gina web oficial de l&#039;Ajuntament de Muro\",\"publisher\":{\"@id\":\"https:\/\/www.vilademuro.net\/es\/#organization\"},\"potentialAction\":[{\"@type\":\"SearchAction\",\"target\":{\"@type\":\"EntryPoint\",\"urlTemplate\":\"https:\/\/www.vilademuro.net\/es\/?s={search_term_string}\"},\"query-input\":{\"@type\":\"PropertyValueSpecification\",\"valueRequired\":true,\"valueName\":\"search_term_string\"}}],\"inLanguage\":\"es\"},{\"@type\":\"Organization\",\"@id\":\"https:\/\/www.vilademuro.net\/es\/#organization\",\"name\":\"Ajuntament de Muro\",\"url\":\"https:\/\/www.vilademuro.net\/es\/\",\"logo\":{\"@type\":\"ImageObject\",\"inLanguage\":\"es\",\"@id\":\"https:\/\/www.vilademuro.net\/es\/#\/schema\/logo\/image\/\",\"url\":\"https:\/\/www.vilademuro.net\/wp-content\/uploads\/2022\/10\/LOGO3-2.jpg\",\"contentUrl\":\"https:\/\/www.vilademuro.net\/wp-content\/uploads\/2022\/10\/LOGO3-2.jpg\",\"width\":756,\"height\":517,\"caption\":\"Ajuntament de Muro\"},\"image\":{\"@id\":\"https:\/\/www.vilademuro.net\/es\/#\/schema\/logo\/image\/\"},\"sameAs\":[\"https:\/\/www.facebook.com\/murodealcoy\",\"https:\/\/x.com\/AjuntamentMuro\",\"https:\/\/www.youtube.com\/channel\/UC2rwbKfRqsd1Ncwm6Y1prQw\"]}]}<\/script>\n<!-- \/ Yoast SEO plugin. -->","yoast_head_json":{"title":"IV Jornades de Mem\u00f2ria Hist\u00f2rica i Democr\u00e0tica | Ajuntament de Muro","robots":{"index":"index","follow":"follow","max-snippet":"max-snippet:-1","max-image-preview":"max-image-preview:large","max-video-preview":"max-video-preview:-1"},"canonical":"https:\/\/www.vilademuro.net\/es\/event\/iv-jornades-de-memoria-historica-i-democratica\/","og_locale":"es_ES","og_type":"article","og_title":"IV Jornades de Mem\u00f2ria Hist\u00f2rica i Democr\u00e0tica | Ajuntament de Muro","og_description":"Muro inaugura les IV Jornades de Mem\u00f2ria Hist\u00f2rica i Democr\u00e0tica a l\u2019Alcoi\u00e0 i el Comtat Muro ser\u00e0 un dels escenaris principals de les IV Jornades de Mem\u00f2ria Hist\u00f2rica i Democr\u00e0tica [&hellip;]","og_url":"https:\/\/www.vilademuro.net\/es\/event\/iv-jornades-de-memoria-historica-i-democratica\/","og_site_name":"Ajuntament de Muro","article_publisher":"https:\/\/www.facebook.com\/murodealcoy","article_modified_time":"2025-09-19T12:35:55+00:00","og_image":[{"width":819,"height":1024,"url":"https:\/\/www.vilademuro.net\/wp-content\/uploads\/2025\/09\/Copia-de-Muro-et-necessita-77-819x1024.png","type":"image\/png"}],"twitter_card":"summary_large_image","twitter_site":"@AjuntamentMuro","twitter_misc":{"Tiempo de lectura":"5 minutos"},"schema":{"@context":"https:\/\/schema.org","@graph":[{"@type":"WebPage","@id":"https:\/\/www.vilademuro.net\/es\/event\/iv-jornades-de-memoria-historica-i-democratica\/","url":"https:\/\/www.vilademuro.net\/es\/event\/iv-jornades-de-memoria-historica-i-democratica\/","name":"IV Jornades de Mem\u00f2ria Hist\u00f2rica i Democr\u00e0tica | Ajuntament de Muro","isPartOf":{"@id":"https:\/\/www.vilademuro.net\/es\/#website"},"primaryImageOfPage":{"@id":"https:\/\/www.vilademuro.net\/es\/event\/iv-jornades-de-memoria-historica-i-democratica\/#primaryimage"},"image":{"@id":"https:\/\/www.vilademuro.net\/es\/event\/iv-jornades-de-memoria-historica-i-democratica\/#primaryimage"},"thumbnailUrl":"https:\/\/www.vilademuro.net\/wp-content\/uploads\/2025\/09\/Copia-de-Muro-et-necessita-77.png","datePublished":"2025-09-11T09:25:27+00:00","dateModified":"2025-09-19T12:35:55+00:00","breadcrumb":{"@id":"https:\/\/www.vilademuro.net\/es\/event\/iv-jornades-de-memoria-historica-i-democratica\/#breadcrumb"},"inLanguage":"es","potentialAction":[{"@type":"ReadAction","target":["https:\/\/www.vilademuro.net\/es\/event\/iv-jornades-de-memoria-historica-i-democratica\/"]}]},{"@type":"ImageObject","inLanguage":"es","@id":"https:\/\/www.vilademuro.net\/es\/event\/iv-jornades-de-memoria-historica-i-democratica\/#primaryimage","url":"https:\/\/www.vilademuro.net\/wp-content\/uploads\/2025\/09\/Copia-de-Muro-et-necessita-77.png","contentUrl":"https:\/\/www.vilademuro.net\/wp-content\/uploads\/2025\/09\/Copia-de-Muro-et-necessita-77.png","width":1080,"height":1350},{"@type":"BreadcrumbList","@id":"https:\/\/www.vilademuro.net\/es\/event\/iv-jornades-de-memoria-historica-i-democratica\/#breadcrumb","itemListElement":[{"@type":"ListItem","position":1,"name":"Inici","item":"https:\/\/www.vilademuro.net\/es\/"},{"@type":"ListItem","position":2,"name":"Eventos","item":"https:\/\/www.vilademuro.net\/es\/events\/"},{"@type":"ListItem","position":3,"name":"IV Jornades de Mem\u00f2ria Hist\u00f2rica i Democr\u00e0tica"}]},{"@type":"WebSite","@id":"https:\/\/www.vilademuro.net\/es\/#website","url":"https:\/\/www.vilademuro.net\/es\/","name":"Ajuntament de Muro d'Alcoi","description":"P\u00e1gina web oficial de l&#039;Ajuntament de Muro","publisher":{"@id":"https:\/\/www.vilademuro.net\/es\/#organization"},"potentialAction":[{"@type":"SearchAction","target":{"@type":"EntryPoint","urlTemplate":"https:\/\/www.vilademuro.net\/es\/?s={search_term_string}"},"query-input":{"@type":"PropertyValueSpecification","valueRequired":true,"valueName":"search_term_string"}}],"inLanguage":"es"},{"@type":"Organization","@id":"https:\/\/www.vilademuro.net\/es\/#organization","name":"Ajuntament de Muro","url":"https:\/\/www.vilademuro.net\/es\/","logo":{"@type":"ImageObject","inLanguage":"es","@id":"https:\/\/www.vilademuro.net\/es\/#\/schema\/logo\/image\/","url":"https:\/\/www.vilademuro.net\/wp-content\/uploads\/2022\/10\/LOGO3-2.jpg","contentUrl":"https:\/\/www.vilademuro.net\/wp-content\/uploads\/2022\/10\/LOGO3-2.jpg","width":756,"height":517,"caption":"Ajuntament de Muro"},"image":{"@id":"https:\/\/www.vilademuro.net\/es\/#\/schema\/logo\/image\/"},"sameAs":["https:\/\/www.facebook.com\/murodealcoy","https:\/\/x.com\/AjuntamentMuro","https:\/\/www.youtube.com\/channel\/UC2rwbKfRqsd1Ncwm6Y1prQw"]}]}},"_links":{"self":[{"href":"https:\/\/www.vilademuro.net\/es\/wp-json\/wp\/v2\/tribe_events\/57426","targetHints":{"allow":["GET"]}}],"collection":[{"href":"https:\/\/www.vilademuro.net\/es\/wp-json\/wp\/v2\/tribe_events"}],"about":[{"href":"https:\/\/www.vilademuro.net\/es\/wp-json\/wp\/v2\/types\/tribe_events"}],"author":[{"embeddable":true,"href":"https:\/\/www.vilademuro.net\/es\/wp-json\/wp\/v2\/users\/32"}],"version-history":[{"count":6,"href":"https:\/\/www.vilademuro.net\/es\/wp-json\/wp\/v2\/tribe_events\/57426\/revisions"}],"predecessor-version":[{"id":57562,"href":"https:\/\/www.vilademuro.net\/es\/wp-json\/wp\/v2\/tribe_events\/57426\/revisions\/57562"}],"wp:featuredmedia":[{"embeddable":true,"href":"https:\/\/www.vilademuro.net\/es\/wp-json\/wp\/v2\/media\/57465"}],"wp:attachment":[{"href":"https:\/\/www.vilademuro.net\/es\/wp-json\/wp\/v2\/media?parent=57426"}],"wp:term":[{"taxonomy":"post_tag","embeddable":true,"href":"https:\/\/www.vilademuro.net\/es\/wp-json\/wp\/v2\/tags?post=57426"},{"taxonomy":"tribe_events_cat","embeddable":true,"href":"https:\/\/www.vilademuro.net\/es\/wp-json\/wp\/v2\/tribe_events_cat?post=57426"}],"curies":[{"name":"wp","href":"https:\/\/api.w.org\/{rel}","templated":true}]}}