{"id":55544,"date":"2025-02-13T21:50:47","date_gmt":"2025-02-13T20:50:47","guid":{"rendered":"https:\/\/www.vilademuro.net\/?post_type=tribe_events&#038;p=55544"},"modified":"2025-02-13T21:54:39","modified_gmt":"2025-02-13T20:54:39","slug":"carnestoltes-de-muro-2025","status":"publish","type":"tribe_events","link":"https:\/\/www.vilademuro.net\/es\/event\/carnestoltes-de-muro-2025\/","title":{"rendered":"Carnestoltes de Muro 2025"},"content":{"rendered":"<p><img loading=\"lazy\" decoding=\"async\" class=\"alignnone size-medium wp-image-55542\" src=\"https:\/\/www.vilademuro.net\/wp-content\/uploads\/2025\/02\/cartell-muro-amb-logo-214x300.jpg\" alt=\"\" width=\"214\" height=\"300\" \/><\/p>\n<h2>Muro se disfraza de Carnaval y m\u00fasica el 1 de marzo<\/h2>\n<ul>\n<li>La tradicional cita se celebrar\u00e1 el 1 de marzo y es un reclamo para la gente de las comarcas centrales<\/li>\n<li>Contar\u00e1 tambi\u00e9n el 28 de febrero con el Carnaval Infantil<\/li>\n<\/ul>\n<p>El Ayuntamiento de Muro anuncia con entusiasmo la celebraci\u00f3n del Carnaval 2025, una cita ineludible para todas las personas amantes de la fiesta y el desenfreno. Este a\u00f1o, el carnaval tendr\u00e1 lugar el 1 de marzo a partir de las 19:00 h, iniciando su recorrido desde la Avenida de Valencia hasta la Plaza del Matzem. El jurado del XIX Concurso de Carrozas y Desfile valorar\u00e1 la creatividad y la originalidad de los participantes, buscando siempre la participaci\u00f3n trabajada y bien pensada para hacer del Carnaval de Muro una experiencia \u00fanica.<\/p>\n<p>El Carnaval ha sido concebido como una gran partitura musical, donde se alternar\u00e1n batucadas, ballets, carrozas y participantes a pie, creando un ritmo din\u00e1mico y espectacular. Se esperan entre 1.500 y 2.000 personas dadas las cifras de inscripciones entre carrozas, comparsas, batucadas y ballets, se espera una participaci\u00f3n masiva, a la cual se sumar\u00e1 mucha m\u00e1s gente que, aunque no est\u00e9 inscrita, formar\u00e1 parte de la fiesta. Las tres batucadas participantes este a\u00f1o ser\u00e1n Ta! Quirikita, Taraket\u00e0 y Xatuka Muro.<\/p>\n<p>As\u00ed como ha anunciado la concejala de Fiestas, Sara Beneyto, \u201ccontaremos con sorpresas durante la cabalgata para impresionar a todo el p\u00fablico y a los participantes, adem\u00e1s, quiero dar las gracias a todos por participar en un d\u00eda tan especial como el Carnaval de Muro, que tiene un gran arraigo tanto en el pueblo como en las comarcas del Comtat y de l\u2019Alcoi\u00e0\u201d por lo tanto, \u201cquiero animar a salir a la calle y convivir con conocimiento y alegr\u00eda en una de las fiestas m\u00e1s divertidas del a\u00f1o\u201d.<\/p>\n<p>Desde las 19:00 h habr\u00e1 fiesta en la carpa del Matzem con el espect\u00e1culo Tropical Fusi\u00f3n, que ofrecer\u00e1 m\u00fasica en directo y animaci\u00f3n para mantener el ambiente festivo hasta bien entrada la noche.<\/p>\n<p><strong>Seguridad y convivencia<\/strong><\/p>\n<p>Desde el Ayuntamiento de Muro se hace un llamamiento al sentido com\u00fan, pidiendo responsabilidad en el consumo de alcohol, limpieza y respeto al vecindario. Para garantizar un entorno seguro, se ha reforzado el dispositivo de seguridad con vigilancia privada, que se sumar\u00e1 al plan que establecer\u00e1 la Junta Municipal de Seguridad. Adem\u00e1s, se han dise\u00f1ado medidas espec\u00edficas para evitar el acoso y crear espacios seguros para todas las personas durante la fiesta, as\u00ed como se ha establecido un Punto Violeta para garantizar que todas las mujeres se sientan seguras y poder actuar ante cualquier incidente de manera inmediata.<\/p>\n<p><strong>El cartel ganador<\/strong><\/p>\n<p>El cartel de este a\u00f1o, dise\u00f1ado por Sergio Iborra, ha sido seleccionado como imagen oficial del Carnaval 2025, consolidando su talento, ya que tambi\u00e9n fue el ganador del a\u00f1o pasado. El cartel destaca por su combinaci\u00f3n de colores vivos, elementos tradicionales como las c\u00fapulas de Muro y el esp\u00edritu carnavalesco, reflejando perfectamente el ambiente festivo que se vivir\u00e1 en Muro.<\/p>\n<p><strong>Un Carnaval tambi\u00e9n para los m\u00e1s peque\u00f1os<\/strong><\/p>\n<p>Las ni\u00f1as y ni\u00f1os de Muro tambi\u00e9n tendr\u00e1n su momento con el Carnaval Infantil, que contar\u00e1 con varios desfiles. El 27 de febrero por la tarde tendr\u00e1 lugar el Carnaval de la Escuela Infantil Nens. El d\u00eda 28 de febrero a las 15:45 h ser\u00e1 el momento de los desfiles de las escuelas Montcabrer y Bracal. A partir de las 17:30 h tendremos el gran desfile infantil desde la Ermita hasta el Matzem, donde al finalizar habr\u00e1 discom\u00f3vil infantil.<\/p>\n<p>El concejal de Educaci\u00f3n y Tradiciones, Fernando Pic\u00f3, ha mencionado con orgullo que \u201cse contar\u00e1 con la participaci\u00f3n del grupo de danzas Baladre y los cabets, para unir tradici\u00f3n y fiesta en un desfile que ya es un evento arraigado en el pueblo y que invita a todas las ni\u00f1as, ni\u00f1os y familias a participar del Carnaval Infantil que ya cuenta con un fuerte arraigo en nuestro pueblo\u201d.<\/p>\n<p>El Ayuntamiento de Muro invita a toda la ciudadan\u00eda a disfrutar de un Carnaval inolvidable, donde la m\u00fasica, la diversidad y la fiesta se dar\u00e1n la mano para crear una experiencia m\u00e1gica y vibrante.<\/p>\n","protected":false},"excerpt":{"rendered":"<p>Muro se disfraza de Carnaval y m\u00fasica el 1 de marzo La tradicional cita se celebrar\u00e1 el 1 de marzo y es un reclamo para la gente de las comarcas [&hellip;]<\/p>\n","protected":false},"author":32,"featured_media":55542,"template":"","meta":{"_et_pb_use_builder":"","_et_pb_old_content":"","_et_gb_content_width":"","_tribe_events_status":"","_tribe_events_status_reason":"","_tribe_events_is_hybrid":"","_tribe_events_is_virtual":"","_tribe_events_virtual_video_source":"","_tribe_events_virtual_embed_video":"","_tribe_events_virtual_linked_button_text":"","_tribe_events_virtual_linked_button":"","_tribe_events_virtual_show_embed_at":"","_tribe_events_virtual_show_embed_to":[],"_tribe_events_virtual_show_on_event":"","_tribe_events_virtual_show_on_views":"","_tribe_events_virtual_url":"","footnotes":""},"tags":[],"tribe_events_cat":[],"class_list":["post-55544","tribe_events","type-tribe_events","status-publish","has-post-thumbnail","hentry"],"yoast_head":"<!-- This site is optimized with the Yoast SEO plugin v27.1.1 - https:\/\/yoast.com\/product\/yoast-seo-wordpress\/ -->\n<title>Carnestoltes de Muro 2025 | Ajuntament de Muro<\/title>\n<meta name=\"robots\" content=\"index, follow, max-snippet:-1, max-image-preview:large, max-video-preview:-1\" \/>\n<link rel=\"canonical\" href=\"https:\/\/www.vilademuro.net\/es\/event\/carnestoltes-de-muro-2025\/\" \/>\n<meta property=\"og:locale\" content=\"es_ES\" \/>\n<meta property=\"og:type\" content=\"article\" \/>\n<meta property=\"og:title\" content=\"Carnestoltes de Muro 2025 | Ajuntament de Muro\" \/>\n<meta property=\"og:description\" content=\"Muro se disfraza de Carnaval y m\u00fasica el 1 de marzo La tradicional cita se celebrar\u00e1 el 1 de marzo y es un reclamo para la gente de las comarcas [&hellip;]\" \/>\n<meta property=\"og:url\" content=\"https:\/\/www.vilademuro.net\/es\/event\/carnestoltes-de-muro-2025\/\" \/>\n<meta property=\"og:site_name\" content=\"Ajuntament de Muro\" \/>\n<meta property=\"article:publisher\" content=\"https:\/\/www.facebook.com\/murodealcoy\" \/>\n<meta property=\"article:modified_time\" content=\"2025-02-13T20:54:39+00:00\" \/>\n<meta property=\"og:image\" content=\"https:\/\/www.vilademuro.net\/wp-content\/uploads\/2025\/02\/cartell-muro-amb-logo.jpg\" \/>\n\t<meta property=\"og:image:width\" content=\"1372\" \/>\n\t<meta property=\"og:image:height\" content=\"1920\" \/>\n\t<meta property=\"og:image:type\" content=\"image\/jpeg\" \/>\n<meta name=\"twitter:card\" content=\"summary_large_image\" \/>\n<meta name=\"twitter:site\" content=\"@AjuntamentMuro\" \/>\n<meta name=\"twitter:label1\" content=\"Tiempo de lectura\" \/>\n\t<meta name=\"twitter:data1\" content=\"5 minutos\" \/>\n<script type=\"application\/ld+json\" class=\"yoast-schema-graph\">{\"@context\":\"https:\/\/schema.org\",\"@graph\":[{\"@type\":\"WebPage\",\"@id\":\"https:\/\/www.vilademuro.net\/es\/event\/carnestoltes-de-muro-2025\/\",\"url\":\"https:\/\/www.vilademuro.net\/es\/event\/carnestoltes-de-muro-2025\/\",\"name\":\"Carnestoltes de Muro 2025 | Ajuntament de Muro\",\"isPartOf\":{\"@id\":\"https:\/\/www.vilademuro.net\/es\/#website\"},\"primaryImageOfPage\":{\"@id\":\"https:\/\/www.vilademuro.net\/es\/event\/carnestoltes-de-muro-2025\/#primaryimage\"},\"image\":{\"@id\":\"https:\/\/www.vilademuro.net\/es\/event\/carnestoltes-de-muro-2025\/#primaryimage\"},\"thumbnailUrl\":\"https:\/\/www.vilademuro.net\/wp-content\/uploads\/2025\/02\/cartell-muro-amb-logo.jpg\",\"datePublished\":\"2025-02-13T20:50:47+00:00\",\"dateModified\":\"2025-02-13T20:54:39+00:00\",\"breadcrumb\":{\"@id\":\"https:\/\/www.vilademuro.net\/es\/event\/carnestoltes-de-muro-2025\/#breadcrumb\"},\"inLanguage\":\"es\",\"potentialAction\":[{\"@type\":\"ReadAction\",\"target\":[\"https:\/\/www.vilademuro.net\/es\/event\/carnestoltes-de-muro-2025\/\"]}]},{\"@type\":\"ImageObject\",\"inLanguage\":\"es\",\"@id\":\"https:\/\/www.vilademuro.net\/es\/event\/carnestoltes-de-muro-2025\/#primaryimage\",\"url\":\"https:\/\/www.vilademuro.net\/wp-content\/uploads\/2025\/02\/cartell-muro-amb-logo.jpg\",\"contentUrl\":\"https:\/\/www.vilademuro.net\/wp-content\/uploads\/2025\/02\/cartell-muro-amb-logo.jpg\",\"width\":1372,\"height\":1920},{\"@type\":\"BreadcrumbList\",\"@id\":\"https:\/\/www.vilademuro.net\/es\/event\/carnestoltes-de-muro-2025\/#breadcrumb\",\"itemListElement\":[{\"@type\":\"ListItem\",\"position\":1,\"name\":\"Inici\",\"item\":\"https:\/\/www.vilademuro.net\/es\/\"},{\"@type\":\"ListItem\",\"position\":2,\"name\":\"Eventos\",\"item\":\"https:\/\/www.vilademuro.net\/es\/events\/\"},{\"@type\":\"ListItem\",\"position\":3,\"name\":\"Carnestoltes de Muro 2025\"}]},{\"@type\":\"WebSite\",\"@id\":\"https:\/\/www.vilademuro.net\/es\/#website\",\"url\":\"https:\/\/www.vilademuro.net\/es\/\",\"name\":\"Ajuntament de Muro d'Alcoi\",\"description\":\"P\u00e1gina web oficial de l&#039;Ajuntament de Muro\",\"publisher\":{\"@id\":\"https:\/\/www.vilademuro.net\/es\/#organization\"},\"potentialAction\":[{\"@type\":\"SearchAction\",\"target\":{\"@type\":\"EntryPoint\",\"urlTemplate\":\"https:\/\/www.vilademuro.net\/es\/?s={search_term_string}\"},\"query-input\":{\"@type\":\"PropertyValueSpecification\",\"valueRequired\":true,\"valueName\":\"search_term_string\"}}],\"inLanguage\":\"es\"},{\"@type\":\"Organization\",\"@id\":\"https:\/\/www.vilademuro.net\/es\/#organization\",\"name\":\"Ajuntament de Muro\",\"url\":\"https:\/\/www.vilademuro.net\/es\/\",\"logo\":{\"@type\":\"ImageObject\",\"inLanguage\":\"es\",\"@id\":\"https:\/\/www.vilademuro.net\/es\/#\/schema\/logo\/image\/\",\"url\":\"https:\/\/www.vilademuro.net\/wp-content\/uploads\/2022\/10\/LOGO3-2.jpg\",\"contentUrl\":\"https:\/\/www.vilademuro.net\/wp-content\/uploads\/2022\/10\/LOGO3-2.jpg\",\"width\":756,\"height\":517,\"caption\":\"Ajuntament de Muro\"},\"image\":{\"@id\":\"https:\/\/www.vilademuro.net\/es\/#\/schema\/logo\/image\/\"},\"sameAs\":[\"https:\/\/www.facebook.com\/murodealcoy\",\"https:\/\/x.com\/AjuntamentMuro\",\"https:\/\/www.youtube.com\/channel\/UC2rwbKfRqsd1Ncwm6Y1prQw\"]}]}<\/script>\n<!-- \/ Yoast SEO plugin. -->","yoast_head_json":{"title":"Carnestoltes de Muro 2025 | Ajuntament de Muro","robots":{"index":"index","follow":"follow","max-snippet":"max-snippet:-1","max-image-preview":"max-image-preview:large","max-video-preview":"max-video-preview:-1"},"canonical":"https:\/\/www.vilademuro.net\/es\/event\/carnestoltes-de-muro-2025\/","og_locale":"es_ES","og_type":"article","og_title":"Carnestoltes de Muro 2025 | Ajuntament de Muro","og_description":"Muro se disfraza de Carnaval y m\u00fasica el 1 de marzo La tradicional cita se celebrar\u00e1 el 1 de marzo y es un reclamo para la gente de las comarcas [&hellip;]","og_url":"https:\/\/www.vilademuro.net\/es\/event\/carnestoltes-de-muro-2025\/","og_site_name":"Ajuntament de Muro","article_publisher":"https:\/\/www.facebook.com\/murodealcoy","article_modified_time":"2025-02-13T20:54:39+00:00","og_image":[{"width":1372,"height":1920,"url":"https:\/\/www.vilademuro.net\/wp-content\/uploads\/2025\/02\/cartell-muro-amb-logo.jpg","type":"image\/jpeg"}],"twitter_card":"summary_large_image","twitter_site":"@AjuntamentMuro","twitter_misc":{"Tiempo de lectura":"5 minutos"},"schema":{"@context":"https:\/\/schema.org","@graph":[{"@type":"WebPage","@id":"https:\/\/www.vilademuro.net\/es\/event\/carnestoltes-de-muro-2025\/","url":"https:\/\/www.vilademuro.net\/es\/event\/carnestoltes-de-muro-2025\/","name":"Carnestoltes de Muro 2025 | Ajuntament de Muro","isPartOf":{"@id":"https:\/\/www.vilademuro.net\/es\/#website"},"primaryImageOfPage":{"@id":"https:\/\/www.vilademuro.net\/es\/event\/carnestoltes-de-muro-2025\/#primaryimage"},"image":{"@id":"https:\/\/www.vilademuro.net\/es\/event\/carnestoltes-de-muro-2025\/#primaryimage"},"thumbnailUrl":"https:\/\/www.vilademuro.net\/wp-content\/uploads\/2025\/02\/cartell-muro-amb-logo.jpg","datePublished":"2025-02-13T20:50:47+00:00","dateModified":"2025-02-13T20:54:39+00:00","breadcrumb":{"@id":"https:\/\/www.vilademuro.net\/es\/event\/carnestoltes-de-muro-2025\/#breadcrumb"},"inLanguage":"es","potentialAction":[{"@type":"ReadAction","target":["https:\/\/www.vilademuro.net\/es\/event\/carnestoltes-de-muro-2025\/"]}]},{"@type":"ImageObject","inLanguage":"es","@id":"https:\/\/www.vilademuro.net\/es\/event\/carnestoltes-de-muro-2025\/#primaryimage","url":"https:\/\/www.vilademuro.net\/wp-content\/uploads\/2025\/02\/cartell-muro-amb-logo.jpg","contentUrl":"https:\/\/www.vilademuro.net\/wp-content\/uploads\/2025\/02\/cartell-muro-amb-logo.jpg","width":1372,"height":1920},{"@type":"BreadcrumbList","@id":"https:\/\/www.vilademuro.net\/es\/event\/carnestoltes-de-muro-2025\/#breadcrumb","itemListElement":[{"@type":"ListItem","position":1,"name":"Inici","item":"https:\/\/www.vilademuro.net\/es\/"},{"@type":"ListItem","position":2,"name":"Eventos","item":"https:\/\/www.vilademuro.net\/es\/events\/"},{"@type":"ListItem","position":3,"name":"Carnestoltes de Muro 2025"}]},{"@type":"WebSite","@id":"https:\/\/www.vilademuro.net\/es\/#website","url":"https:\/\/www.vilademuro.net\/es\/","name":"Ajuntament de Muro d'Alcoi","description":"P\u00e1gina web oficial de l&#039;Ajuntament de Muro","publisher":{"@id":"https:\/\/www.vilademuro.net\/es\/#organization"},"potentialAction":[{"@type":"SearchAction","target":{"@type":"EntryPoint","urlTemplate":"https:\/\/www.vilademuro.net\/es\/?s={search_term_string}"},"query-input":{"@type":"PropertyValueSpecification","valueRequired":true,"valueName":"search_term_string"}}],"inLanguage":"es"},{"@type":"Organization","@id":"https:\/\/www.vilademuro.net\/es\/#organization","name":"Ajuntament de Muro","url":"https:\/\/www.vilademuro.net\/es\/","logo":{"@type":"ImageObject","inLanguage":"es","@id":"https:\/\/www.vilademuro.net\/es\/#\/schema\/logo\/image\/","url":"https:\/\/www.vilademuro.net\/wp-content\/uploads\/2022\/10\/LOGO3-2.jpg","contentUrl":"https:\/\/www.vilademuro.net\/wp-content\/uploads\/2022\/10\/LOGO3-2.jpg","width":756,"height":517,"caption":"Ajuntament de Muro"},"image":{"@id":"https:\/\/www.vilademuro.net\/es\/#\/schema\/logo\/image\/"},"sameAs":["https:\/\/www.facebook.com\/murodealcoy","https:\/\/x.com\/AjuntamentMuro","https:\/\/www.youtube.com\/channel\/UC2rwbKfRqsd1Ncwm6Y1prQw"]}]}},"_links":{"self":[{"href":"https:\/\/www.vilademuro.net\/es\/wp-json\/wp\/v2\/tribe_events\/55544","targetHints":{"allow":["GET"]}}],"collection":[{"href":"https:\/\/www.vilademuro.net\/es\/wp-json\/wp\/v2\/tribe_events"}],"about":[{"href":"https:\/\/www.vilademuro.net\/es\/wp-json\/wp\/v2\/types\/tribe_events"}],"author":[{"embeddable":true,"href":"https:\/\/www.vilademuro.net\/es\/wp-json\/wp\/v2\/users\/32"}],"version-history":[{"count":1,"href":"https:\/\/www.vilademuro.net\/es\/wp-json\/wp\/v2\/tribe_events\/55544\/revisions"}],"predecessor-version":[{"id":55545,"href":"https:\/\/www.vilademuro.net\/es\/wp-json\/wp\/v2\/tribe_events\/55544\/revisions\/55545"}],"wp:featuredmedia":[{"embeddable":true,"href":"https:\/\/www.vilademuro.net\/es\/wp-json\/wp\/v2\/media\/55542"}],"wp:attachment":[{"href":"https:\/\/www.vilademuro.net\/es\/wp-json\/wp\/v2\/media?parent=55544"}],"wp:term":[{"taxonomy":"post_tag","embeddable":true,"href":"https:\/\/www.vilademuro.net\/es\/wp-json\/wp\/v2\/tags?post=55544"},{"taxonomy":"tribe_events_cat","embeddable":true,"href":"https:\/\/www.vilademuro.net\/es\/wp-json\/wp\/v2\/tribe_events_cat?post=55544"}],"curies":[{"name":"wp","href":"https:\/\/api.w.org\/{rel}","templated":true}]}}