{"id":60098,"date":"2024-10-04T11:17:57","date_gmt":"2024-10-04T09:17:57","guid":{"rendered":"https:\/\/www.vilademuro.net\/informacion-util\/transparencia\/"},"modified":"2026-03-16T13:52:12","modified_gmt":"2026-03-16T12:52:12","slug":"transparencia","status":"publish","type":"page","link":"https:\/\/www.vilademuro.net\/es\/informacion-util\/transparencia\/","title":{"rendered":"Transparencia"},"content":{"rendered":"<p>[et_pb_section fb_built=\u00bb1&#8243; admin_label=\u00bbsection\u00bb _builder_version=\u00bb4.16&#8243; global_colors_info=\u00bb{}\u00bb theme_builder_area=\u00bbpost_content\u00bb][et_pb_row admin_label=\u00bbrow\u00bb _builder_version=\u00bb4.16&#8243; background_size=\u00bbinitial\u00bb background_position=\u00bbtop_left\u00bb background_repeat=\u00bbrepeat\u00bb global_colors_info=\u00bb{}\u00bb theme_builder_area=\u00bbpost_content\u00bb][et_pb_column type=\u00bb4_4&#8243; _builder_version=\u00bb4.16&#8243; custom_padding=\u00bb|||\u00bb global_colors_info=\u00bb{}\u00bb custom_padding__hover=\u00bb|||\u00bb theme_builder_area=\u00bbpost_content\u00bb][et_pb_text admin_label=\u00bbText\u00bb _builder_version=\u00bb4.27.0&#8243; background_size=\u00bbinitial\u00bb background_position=\u00bbtop_left\u00bb background_repeat=\u00bbrepeat\u00bb global_colors_info=\u00bb{}\u00bb theme_builder_area=\u00bbpost_content\u00bb]<\/p>\n<p class=\"text-align-justify\">La Ley de Transparencia, Acceso a la Informaci\u00f3n P\u00fablica y Buen Gobierno, prev\u00e9 qu\u00e9 informaci\u00f3n tienen que publicar las administraciones p\u00fablicas para el conocimiento de la ciudadan\u00eda (Publicidad Activa), como pueden preguntar informaci\u00f3n los ciudadanos a las administraciones (Derecho a la informaci\u00f3n) y qu\u00e9 son las reglas de Buen Gobierno que tienen que respetar los responsables p\u00fablicos.<\/p>\n<blockquote>\n<p class=\"text-align-center\"><strong>Qu\u00e9 es el Portal de Transparencia?<\/strong><\/p>\n<\/blockquote>\n<p class=\"text-align-justify\">El Portal de Transparencia es la herramienta a trav\u00e9s de la cual acceder a la informaci\u00f3n prevista en la normativa estatal, auton\u00f3mica y municipal, el conocimiento de la cual es relevante para garantizar la transparencia de la actividad relacionada con el funcionamiento y control de la actuaci\u00f3n p\u00fablica. La informaci\u00f3n se ha organizado en las siguientes categor\u00edas seg\u00fan su \u00e1mbito de aplicaci\u00f3n. <\/p>\n<p>[\/et_pb_text][\/et_pb_column][\/et_pb_row][et_pb_row _builder_version=\u00bb4.27.4&#8243; _module_preset=\u00bbdefault\u00bb theme_builder_area=\u00bbpost_content\u00bb][et_pb_column _builder_version=\u00bb4.27.4&#8243; _module_preset=\u00bbdefault\u00bb type=\u00bb4_4&#8243; theme_builder_area=\u00bbpost_content\u00bb][et_pb_text _builder_version=\u00bb4.27.4&#8243; _module_preset=\u00bbdefault\u00bb theme_builder_area=\u00bbpost_content\u00bb border_width_all=\u00bb1px\u00bb border_color_all=\u00bb#bababa\u00bb text_text_color=\u00bb#000000&#8243; custom_padding=\u00bb18px||16px|20px|false|false\u00bb text_font_size=\u00bb19px\u00bb background_color=\u00bb#f4f4f4&#8243; background__hover_enabled=\u00bbon|hover\u00bb hover_enabled=\u00bb0&#8243; sticky_enabled=\u00bb0&#8243; background_color__hover=\u00bb#dddddd\u00bb background_enable_color__hover=\u00bbon\u00bb link_option_url=\u00bbhttps:\/\/vilademuro.sedelectronica.es\/transparency\/b93b1ec2-c971-4a16-b6de-f764da8cbd15\/\u00bb link_option_url_new_window=\u00bbon\u00bb]<\/p>\n<p>1. INSTITUCIONAL<\/p>\n<p>[\/et_pb_text][et_pb_text _builder_version=\u00bb4.27.4&#8243; _module_preset=\u00bbdefault\u00bb theme_builder_area=\u00bbpost_content\u00bb border_width_all=\u00bb1px\u00bb border_color_all=\u00bb#bababa\u00bb text_text_color=\u00bb#000000&#8243; custom_padding=\u00bb18px||16px|20px|false|false\u00bb text_font_size=\u00bb19px\u00bb background_color=\u00bb#f4f4f4&#8243; background__hover_enabled=\u00bbon|hover\u00bb hover_enabled=\u00bb0&#8243; sticky_enabled=\u00bb0&#8243; background_color__hover=\u00bb#dddddd\u00bb background_enable_color__hover=\u00bbon\u00bb link_option_url=\u00bbhttps:\/\/vilademuro.sedelectronica.es\/transparency\/77621849-40d6-4fdb-9bfc-7131bfd26480\/\u00bb link_option_url_new_window=\u00bbon\u00bb]<\/p>\n<p>2. NORMATIVA I PATRIMONI<\/p>\n<p>[\/et_pb_text][et_pb_text _builder_version=\u00bb4.27.4&#8243; _module_preset=\u00bbdefault\u00bb theme_builder_area=\u00bbpost_content\u00bb border_width_all=\u00bb1px\u00bb border_color_all=\u00bb#bababa\u00bb text_text_color=\u00bb#000000&#8243; custom_padding=\u00bb18px||16px|20px|false|false\u00bb text_font_size=\u00bb19px\u00bb background_color=\u00bb#f4f4f4&#8243; background__hover_enabled=\u00bbon|hover\u00bb hover_enabled=\u00bb0&#8243; sticky_enabled=\u00bb0&#8243; background_color__hover=\u00bb#dddddd\u00bb background_enable_color__hover=\u00bbon\u00bb link_option_url=\u00bbhttps:\/\/vilademuro.sedelectronica.es\/transparency\/1ae8b7bb-6475-4ca6-9609-095f7abc366f\/\u00bb link_option_url_new_window=\u00bbon\u00bb]<\/p>\n<p>3. ECON\u00d3MICA, FINANCIERA Y PRESUPUESTARIA<\/p>\n<p>[\/et_pb_text][et_pb_text _builder_version=\u00bb4.27.4&#8243; _module_preset=\u00bbdefault\u00bb theme_builder_area=\u00bbpost_content\u00bb border_width_all=\u00bb1px\u00bb border_color_all=\u00bb#bababa\u00bb text_text_color=\u00bb#000000&#8243; custom_padding=\u00bb18px||16px|20px|false|false\u00bb text_font_size=\u00bb19px\u00bb background_color=\u00bb#f4f4f4&#8243; background__hover_enabled=\u00bbon|hover\u00bb hover_enabled=\u00bb0&#8243; sticky_enabled=\u00bb0&#8243; background_color__hover=\u00bb#dddddd\u00bb background_enable_color__hover=\u00bbon\u00bb link_option_url=\u00bbhttps:\/\/vilademuro.sedelectronica.es\/transparency\/9009436e-665e-4d46-90c7-35a4985b284d\/\u00bb link_option_url_new_window=\u00bbon\u00bb]<\/p>\n<p>4. AYUDAS Y SUBVENCIONES<\/p>\n<p>[\/et_pb_text][et_pb_text _builder_version=\u00bb4.27.4&#8243; _module_preset=\u00bbdefault\u00bb theme_builder_area=\u00bbpost_content\u00bb border_width_all=\u00bb1px\u00bb border_color_all=\u00bb#bababa\u00bb text_text_color=\u00bb#000000&#8243; custom_padding=\u00bb18px||16px|20px|false|false\u00bb text_font_size=\u00bb19px\u00bb background_color=\u00bb#f4f4f4&#8243; background__hover_enabled=\u00bbon|hover\u00bb hover_enabled=\u00bb0&#8243; sticky_enabled=\u00bb0&#8243; background_color__hover=\u00bb#dddddd\u00bb background_enable_color__hover=\u00bbon\u00bb link_option_url=\u00bbhttps:\/\/vilademuro.sedelectronica.es\/transparency\/85e28eac-b75f-4812-9f83-2388e59fb7da\/\u00bb link_option_url_new_window=\u00bbon\u00bb]<\/p>\n<p>5. CONTRATACI\u00d3N<\/p>\n<p>[\/et_pb_text][et_pb_text _builder_version=\u00bb4.27.4&#8243; _module_preset=\u00bbdefault\u00bb theme_builder_area=\u00bbpost_content\u00bb border_width_all=\u00bb1px\u00bb border_color_all=\u00bb#bababa\u00bb text_text_color=\u00bb#000000&#8243; custom_padding=\u00bb18px||16px|20px|false|false\u00bb text_font_size=\u00bb19px\u00bb background_color=\u00bb#f4f4f4&#8243; background__hover_enabled=\u00bbon|hover\u00bb hover_enabled=\u00bb0&#8243; sticky_enabled=\u00bb0&#8243; background_color__hover=\u00bb#dddddd\u00bb background_enable_color__hover=\u00bbon\u00bb link_option_url=\u00bbhttps:\/\/vilademuro.sedelectronica.es\/transparency\/2466b576-9105-4c81-8dbb-a8fb702fa7a8\/\u00bb link_option_url_new_window=\u00bbon\u00bb]<\/p>\n<p>6. URBANISMO, OBRAS P\u00daBLICAS Y MEDIO AMBIENTE<\/p>\n<p>[\/et_pb_text][et_pb_text _builder_version=\u00bb4.27.4&#8243; _module_preset=\u00bbdefault\u00bb theme_builder_area=\u00bbpost_content\u00bb border_width_all=\u00bb1px\u00bb border_color_all=\u00bb#bababa\u00bb text_text_color=\u00bb#000000&#8243; custom_padding=\u00bb18px||16px|20px|false|false\u00bb text_font_size=\u00bb19px\u00bb background_color=\u00bb#f4f4f4&#8243; background__hover_enabled=\u00bbon|hover\u00bb hover_enabled=\u00bb0&#8243; sticky_enabled=\u00bb0&#8243; background_color__hover=\u00bb#dddddd\u00bb background_enable_color__hover=\u00bbon\u00bb link_option_url=\u00bbhttps:\/\/vilademuro.sedelectronica.es\/transparency\/aa25b223-eeed-4cc6-a929-6dfb27b3f23f\/\u00bb link_option_url_new_window=\u00bbon\u00bb]<\/p>\n<p>7. INFORMACI\u00d3N Y ATENCI\u00d3N A LA CIUDADAN\u00cdA<\/p>\n<p>[\/et_pb_text][\/et_pb_column][\/et_pb_row][et_pb_row _builder_version=\u00bb4.27.0&#8243; _module_preset=\u00bbdefault\u00bb global_colors_info=\u00bb{}\u00bb theme_builder_area=\u00bbpost_content\u00bb][et_pb_column type=\u00bb4_4&#8243; _builder_version=\u00bb4.27.0&#8243; _module_preset=\u00bbdefault\u00bb global_colors_info=\u00bb{}\u00bb theme_builder_area=\u00bbpost_content\u00bb][et_pb_divider _builder_version=\u00bb4.27.0&#8243; _module_preset=\u00bbdefault\u00bb global_colors_info=\u00bb{}\u00bb theme_builder_area=\u00bbpost_content\u00bb][\/et_pb_divider][et_pb_image src=\u00bbhttps:\/\/www.vilademuro.net\/wp-content\/uploads\/2024\/10\/Banner.jpg\u00bb title_text=\u00bbBanner\u00bb align=\u00bbcenter\u00bb _builder_version=\u00bb4.27.0&#8243; _module_preset=\u00bbdefault\u00bb global_colors_info=\u00bb{}\u00bb theme_builder_area=\u00bbpost_content\u00bb][\/et_pb_image][\/et_pb_column][\/et_pb_row][\/et_pb_section]<\/p>\n","protected":false},"excerpt":{"rendered":"<p>La Ley de Transparencia, Acceso a la Informaci\u00f3n P\u00fablica y Buen Gobierno, prev\u00e9 qu\u00e9 informaci\u00f3n tienen que publicar las administraciones p\u00fablicas para el conocimiento de la ciudadan\u00eda (Publicidad Activa), como [&hellip;]<\/p>\n","protected":false},"author":26,"featured_media":0,"parent":35484,"menu_order":0,"comment_status":"closed","ping_status":"closed","template":"","meta":{"_et_pb_use_builder":"on","_et_pb_old_content":"","_et_gb_content_width":"","footnotes":""},"class_list":["post-60098","page","type-page","status-publish","hentry"],"yoast_head":"<!-- This site is optimized with the Yoast SEO plugin v27.1.1 - https:\/\/yoast.com\/product\/yoast-seo-wordpress\/ -->\n<title>Transparencia | Ajuntament de Muro<\/title>\n<meta name=\"robots\" content=\"index, follow, max-snippet:-1, max-image-preview:large, max-video-preview:-1\" \/>\n<link rel=\"canonical\" href=\"https:\/\/www.vilademuro.net\/es\/informacion-util\/transparencia\/\" \/>\n<meta property=\"og:locale\" content=\"es_ES\" \/>\n<meta property=\"og:type\" content=\"article\" \/>\n<meta property=\"og:title\" content=\"Transparencia | Ajuntament de Muro\" \/>\n<meta property=\"og:description\" content=\"La Ley de Transparencia, Acceso a la Informaci\u00f3n P\u00fablica y Buen Gobierno, prev\u00e9 qu\u00e9 informaci\u00f3n tienen que publicar las administraciones p\u00fablicas para el conocimiento de la ciudadan\u00eda (Publicidad Activa), como [&hellip;]\" \/>\n<meta property=\"og:url\" content=\"https:\/\/www.vilademuro.net\/es\/informacion-util\/transparencia\/\" \/>\n<meta property=\"og:site_name\" content=\"Ajuntament de Muro\" \/>\n<meta property=\"article:publisher\" content=\"https:\/\/www.facebook.com\/murodealcoy\" \/>\n<meta property=\"article:modified_time\" content=\"2026-03-16T12:52:12+00:00\" \/>\n<meta property=\"og:image\" content=\"https:\/\/www.vilademuro.net\/wp-content\/uploads\/2019\/12\/logo-color-e1585225385776.jpg\" \/>\n\t<meta property=\"og:image:width\" content=\"30\" \/>\n\t<meta property=\"og:image:height\" content=\"59\" \/>\n\t<meta property=\"og:image:type\" content=\"image\/jpeg\" \/>\n<meta name=\"twitter:card\" content=\"summary_large_image\" \/>\n<meta name=\"twitter:site\" content=\"@AjuntamentMuro\" \/>\n<meta name=\"twitter:label1\" content=\"Tiempo de lectura\" \/>\n\t<meta name=\"twitter:data1\" content=\"5 minutos\" \/>\n<script type=\"application\/ld+json\" class=\"yoast-schema-graph\">{\"@context\":\"https:\/\/schema.org\",\"@graph\":[{\"@type\":\"WebPage\",\"@id\":\"https:\/\/www.vilademuro.net\/es\/informacion-util\/transparencia\/\",\"url\":\"https:\/\/www.vilademuro.net\/es\/informacion-util\/transparencia\/\",\"name\":\"Transparencia | Ajuntament de Muro\",\"isPartOf\":{\"@id\":\"https:\/\/www.vilademuro.net\/es\/#website\"},\"datePublished\":\"2024-10-04T09:17:57+00:00\",\"dateModified\":\"2026-03-16T12:52:12+00:00\",\"breadcrumb\":{\"@id\":\"https:\/\/www.vilademuro.net\/es\/informacion-util\/transparencia\/#breadcrumb\"},\"inLanguage\":\"es\",\"potentialAction\":[{\"@type\":\"ReadAction\",\"target\":[\"https:\/\/www.vilademuro.net\/es\/informacion-util\/transparencia\/\"]}]},{\"@type\":\"BreadcrumbList\",\"@id\":\"https:\/\/www.vilademuro.net\/es\/informacion-util\/transparencia\/#breadcrumb\",\"itemListElement\":[{\"@type\":\"ListItem\",\"position\":1,\"name\":\"Inici\",\"item\":\"https:\/\/www.vilademuro.net\/es\/\"},{\"@type\":\"ListItem\",\"position\":2,\"name\":\"Informaci\u00f3n \u00fatil\",\"item\":\"https:\/\/www.vilademuro.net\/es\/informacio-util\/\"},{\"@type\":\"ListItem\",\"position\":3,\"name\":\"Transparencia\"}]},{\"@type\":\"WebSite\",\"@id\":\"https:\/\/www.vilademuro.net\/es\/#website\",\"url\":\"https:\/\/www.vilademuro.net\/es\/\",\"name\":\"Ajuntament de Muro d'Alcoi\",\"description\":\"P\u00e1gina web oficial de l&#039;Ajuntament de Muro\",\"publisher\":{\"@id\":\"https:\/\/www.vilademuro.net\/es\/#organization\"},\"potentialAction\":[{\"@type\":\"SearchAction\",\"target\":{\"@type\":\"EntryPoint\",\"urlTemplate\":\"https:\/\/www.vilademuro.net\/es\/?s={search_term_string}\"},\"query-input\":{\"@type\":\"PropertyValueSpecification\",\"valueRequired\":true,\"valueName\":\"search_term_string\"}}],\"inLanguage\":\"es\"},{\"@type\":\"Organization\",\"@id\":\"https:\/\/www.vilademuro.net\/es\/#organization\",\"name\":\"Ajuntament de Muro\",\"url\":\"https:\/\/www.vilademuro.net\/es\/\",\"logo\":{\"@type\":\"ImageObject\",\"inLanguage\":\"es\",\"@id\":\"https:\/\/www.vilademuro.net\/es\/#\/schema\/logo\/image\/\",\"url\":\"https:\/\/www.vilademuro.net\/wp-content\/uploads\/2022\/10\/LOGO3-2.jpg\",\"contentUrl\":\"https:\/\/www.vilademuro.net\/wp-content\/uploads\/2022\/10\/LOGO3-2.jpg\",\"width\":756,\"height\":517,\"caption\":\"Ajuntament de Muro\"},\"image\":{\"@id\":\"https:\/\/www.vilademuro.net\/es\/#\/schema\/logo\/image\/\"},\"sameAs\":[\"https:\/\/www.facebook.com\/murodealcoy\",\"https:\/\/x.com\/AjuntamentMuro\",\"https:\/\/www.youtube.com\/channel\/UC2rwbKfRqsd1Ncwm6Y1prQw\"]}]}<\/script>\n<!-- \/ Yoast SEO plugin. -->","yoast_head_json":{"title":"Transparencia | Ajuntament de Muro","robots":{"index":"index","follow":"follow","max-snippet":"max-snippet:-1","max-image-preview":"max-image-preview:large","max-video-preview":"max-video-preview:-1"},"canonical":"https:\/\/www.vilademuro.net\/es\/informacion-util\/transparencia\/","og_locale":"es_ES","og_type":"article","og_title":"Transparencia | Ajuntament de Muro","og_description":"La Ley de Transparencia, Acceso a la Informaci\u00f3n P\u00fablica y Buen Gobierno, prev\u00e9 qu\u00e9 informaci\u00f3n tienen que publicar las administraciones p\u00fablicas para el conocimiento de la ciudadan\u00eda (Publicidad Activa), como [&hellip;]","og_url":"https:\/\/www.vilademuro.net\/es\/informacion-util\/transparencia\/","og_site_name":"Ajuntament de Muro","article_publisher":"https:\/\/www.facebook.com\/murodealcoy","article_modified_time":"2026-03-16T12:52:12+00:00","og_image":[{"width":30,"height":59,"url":"https:\/\/www.vilademuro.net\/wp-content\/uploads\/2019\/12\/logo-color-e1585225385776.jpg","type":"image\/jpeg"}],"twitter_card":"summary_large_image","twitter_site":"@AjuntamentMuro","twitter_misc":{"Tiempo de lectura":"5 minutos"},"schema":{"@context":"https:\/\/schema.org","@graph":[{"@type":"WebPage","@id":"https:\/\/www.vilademuro.net\/es\/informacion-util\/transparencia\/","url":"https:\/\/www.vilademuro.net\/es\/informacion-util\/transparencia\/","name":"Transparencia | Ajuntament de Muro","isPartOf":{"@id":"https:\/\/www.vilademuro.net\/es\/#website"},"datePublished":"2024-10-04T09:17:57+00:00","dateModified":"2026-03-16T12:52:12+00:00","breadcrumb":{"@id":"https:\/\/www.vilademuro.net\/es\/informacion-util\/transparencia\/#breadcrumb"},"inLanguage":"es","potentialAction":[{"@type":"ReadAction","target":["https:\/\/www.vilademuro.net\/es\/informacion-util\/transparencia\/"]}]},{"@type":"BreadcrumbList","@id":"https:\/\/www.vilademuro.net\/es\/informacion-util\/transparencia\/#breadcrumb","itemListElement":[{"@type":"ListItem","position":1,"name":"Inici","item":"https:\/\/www.vilademuro.net\/es\/"},{"@type":"ListItem","position":2,"name":"Informaci\u00f3n \u00fatil","item":"https:\/\/www.vilademuro.net\/es\/informacio-util\/"},{"@type":"ListItem","position":3,"name":"Transparencia"}]},{"@type":"WebSite","@id":"https:\/\/www.vilademuro.net\/es\/#website","url":"https:\/\/www.vilademuro.net\/es\/","name":"Ajuntament de Muro d'Alcoi","description":"P\u00e1gina web oficial de l&#039;Ajuntament de Muro","publisher":{"@id":"https:\/\/www.vilademuro.net\/es\/#organization"},"potentialAction":[{"@type":"SearchAction","target":{"@type":"EntryPoint","urlTemplate":"https:\/\/www.vilademuro.net\/es\/?s={search_term_string}"},"query-input":{"@type":"PropertyValueSpecification","valueRequired":true,"valueName":"search_term_string"}}],"inLanguage":"es"},{"@type":"Organization","@id":"https:\/\/www.vilademuro.net\/es\/#organization","name":"Ajuntament de Muro","url":"https:\/\/www.vilademuro.net\/es\/","logo":{"@type":"ImageObject","inLanguage":"es","@id":"https:\/\/www.vilademuro.net\/es\/#\/schema\/logo\/image\/","url":"https:\/\/www.vilademuro.net\/wp-content\/uploads\/2022\/10\/LOGO3-2.jpg","contentUrl":"https:\/\/www.vilademuro.net\/wp-content\/uploads\/2022\/10\/LOGO3-2.jpg","width":756,"height":517,"caption":"Ajuntament de Muro"},"image":{"@id":"https:\/\/www.vilademuro.net\/es\/#\/schema\/logo\/image\/"},"sameAs":["https:\/\/www.facebook.com\/murodealcoy","https:\/\/x.com\/AjuntamentMuro","https:\/\/www.youtube.com\/channel\/UC2rwbKfRqsd1Ncwm6Y1prQw"]}]}},"_links":{"self":[{"href":"https:\/\/www.vilademuro.net\/es\/wp-json\/wp\/v2\/pages\/60098","targetHints":{"allow":["GET"]}}],"collection":[{"href":"https:\/\/www.vilademuro.net\/es\/wp-json\/wp\/v2\/pages"}],"about":[{"href":"https:\/\/www.vilademuro.net\/es\/wp-json\/wp\/v2\/types\/page"}],"author":[{"embeddable":true,"href":"https:\/\/www.vilademuro.net\/es\/wp-json\/wp\/v2\/users\/26"}],"replies":[{"embeddable":true,"href":"https:\/\/www.vilademuro.net\/es\/wp-json\/wp\/v2\/comments?post=60098"}],"version-history":[{"count":2,"href":"https:\/\/www.vilademuro.net\/es\/wp-json\/wp\/v2\/pages\/60098\/revisions"}],"predecessor-version":[{"id":60100,"href":"https:\/\/www.vilademuro.net\/es\/wp-json\/wp\/v2\/pages\/60098\/revisions\/60100"}],"up":[{"embeddable":true,"href":"https:\/\/www.vilademuro.net\/es\/wp-json\/wp\/v2\/pages\/35484"}],"wp:attachment":[{"href":"https:\/\/www.vilademuro.net\/es\/wp-json\/wp\/v2\/media?parent=60098"}],"curies":[{"name":"wp","href":"https:\/\/api.w.org\/{rel}","templated":true}]}}