{"id":59023,"date":"2025-12-12T09:02:56","date_gmt":"2025-12-12T08:02:56","guid":{"rendered":"https:\/\/www.vilademuro.net\/areas\/participacion-ciudadana\/participacion-ciudadana-2025\/"},"modified":"2026-02-18T12:38:30","modified_gmt":"2026-02-18T11:38:30","slug":"participacion-ciudadana-2025","status":"publish","type":"page","link":"https:\/\/www.vilademuro.net\/es\/areas\/participacion-ciudadana\/participacion-ciudadana-2025\/","title":{"rendered":"Participaci\u00f3n Ciudadana 2025"},"content":{"rendered":"<p>[et_pb_section fb_built=\u00bb1&#8243; _builder_version=\u00bb4.16&#8243; custom_padding=\u00bb||0px|||\u00bb global_colors_info=\u00bb{}\u00bb theme_builder_area=\u00bbpost_content\u00bb][et_pb_row _builder_version=\u00bb4.27.4&#8243; _module_preset=\u00bbdefault\u00bb theme_builder_area=\u00bbpost_content\u00bb column_structure=\u00bb1_4,1_2,1_4&#8243; hover_enabled=\u00bb0&#8243; sticky_enabled=\u00bb0&#8243; custom_padding=\u00bb||0px|||\u00bb min_height=\u00bb62.8px\u00bb][et_pb_column _builder_version=\u00bb4.27.4&#8243; _module_preset=\u00bbdefault\u00bb type=\u00bb1_4&#8243; theme_builder_area=\u00bbpost_content\u00bb custom_padding=\u00bb|||0px|false|false\u00bb hover_enabled=\u00bb0&#8243; sticky_enabled=\u00bb0&#8243;][et_pb_divider _builder_version=\u00bb4.27.4&#8243; _module_preset=\u00bbdefault\u00bb theme_builder_area=\u00bbpost_content\u00bb hover_enabled=\u00bb0&#8243; sticky_enabled=\u00bb0&#8243; color=\u00bb#89ad1d\u00bb divider_weight=\u00bb4px\u00bb width=\u00bb70%\u00bb module_alignment=\u00bbleft\u00bb custom_margin=\u00bb-20px||||false|false\u00bb locked=\u00bboff\u00bb][\/et_pb_divider][\/et_pb_column][et_pb_column _builder_version=\u00bb4.27.4&#8243; _module_preset=\u00bbdefault\u00bb type=\u00bb1_2&#8243; theme_builder_area=\u00bbpost_content\u00bb][et_pb_text _builder_version=\u00bb4.27.4&#8243; _module_preset=\u00bbdefault\u00bb text_text_color=\u00bb#89ad1d\u00bb text_font_size=\u00bb24px\u00bb custom_margin=\u00bb-30px|-92px|30px|-92px|false|false\u00bb custom_padding=\u00bb|0px|16px|0px|false|false\u00bb hover_enabled=\u00bb0&#8243; global_colors_info=\u00bb{}\u00bb theme_builder_area=\u00bbpost_content\u00bb sticky_enabled=\u00bb0&#8243; locked=\u00bboff\u00bb text_font=\u00bb|700|||||||\u00bb]<\/p>\n<p>PROYECTO 1: PLAN ESTRAT\u00c9GICO DE TRANSPARENCIA Y BUEN GOBIERNO<\/p>\n<p>[\/et_pb_text][\/et_pb_column][et_pb_column _builder_version=\u00bb4.27.4&#8243; _module_preset=\u00bbdefault\u00bb type=\u00bb1_4&#8243; theme_builder_area=\u00bbpost_content\u00bb][et_pb_divider _builder_version=\u00bb4.27.4&#8243; _module_preset=\u00bbdefault\u00bb theme_builder_area=\u00bbpost_content\u00bb hover_enabled=\u00bb0&#8243; sticky_enabled=\u00bb0&#8243; color=\u00bb#89ad1d\u00bb divider_weight=\u00bb4px\u00bb width=\u00bb70%\u00bb module_alignment=\u00bbright\u00bb custom_margin=\u00bb-20px||||false|false\u00bb][\/et_pb_divider][\/et_pb_column][\/et_pb_row][et_pb_row _builder_version=\u00bb4.27.4&#8243; _module_preset=\u00bbdefault\u00bb global_colors_info=\u00bb{}\u00bb theme_builder_area=\u00bbpost_content\u00bb custom_margin=\u00bb|auto|0px|auto||\u00bb][et_pb_column type=\u00bb4_4&#8243; _builder_version=\u00bb4.27.4&#8243; _module_preset=\u00bbdefault\u00bb global_colors_info=\u00bb{}\u00bb theme_builder_area=\u00bbpost_content\u00bb][et_pb_text _builder_version=\u00bb4.27.4&#8243; _module_preset=\u00bbdefault\u00bb text_text_color=\u00bb#000000&#8243; hover_enabled=\u00bb0&#8243; global_colors_info=\u00bb{}\u00bb theme_builder_area=\u00bbpost_content\u00bb custom_margin=\u00bb-36px|||||\u00bb sticky_enabled=\u00bb0&#8243;]<\/p>\n<p style=\"text-align: justify;\"><span>En 2025 se llev\u00f3 a cabo el proyecto \u2018\u2019Plan Estrat\u00e9gico para el despliegue, la evaluaci\u00f3n y la mejora continua de la Transparencia y el buen Gobierno en el Ayuntamiento de Muro\u2019\u2019, con el objetivo de establecer una estrategia que permite el despliegue, la evaluaci\u00f3n y la mejora continua de la transparencia en el Ayuntamiento de Muro, garantizando la aplicaci\u00f3n de pol\u00edticas y acciones dirigidas a mejorar la transparencia en la entidad, ampliar y mejorar el acceso a la informaci\u00f3n p\u00fablica, fortalecer los mecanismos de control y rendici\u00f3n de cuentas, as\u00ed como evaluar y mejorar continuamente la transparencia con atenci\u00f3n a las necesidades y expectativas de la ciudadan\u00eda.<\/span><\/p>\n<p style=\"text-align: justify;\"><span>El proyecto se ha marcado una serie de objetivos espec\u00edficos interrelacionados. Se ha procedido a definir metas, programas y acciones concretas que parten de un an\u00e1lisis municipal previo para asegurar un seguimiento efectivo. Esta base permiti\u00f3 reforzar el marco normativo y la cultura institucional de transparencia, as\u00ed como estimular la participaci\u00f3n ciudadana y la colaboraci\u00f3n con la sociedad civil.  <\/span><\/p>\n<p style=\"text-align: justify;\"><span>Tras la elaboraci\u00f3n del borrador del Plan Estrat\u00e9gico de Transparencia, se ha iniciado un proceso de apertura y exposici\u00f3n p\u00fablica para fomentar la participaci\u00f3n de toda la ciudadan\u00eda de Muro. Este proceso busca recopilar sugerencias y aportaciones para mejorar el desarrollo del plan. <\/span><\/p>\n<p style=\"text-align: justify;\"><span>La participaci\u00f3n se ha facilitado de manera dual: telem\u00e1tica, mediante la habilitaci\u00f3n de un espacio espec\u00edfico en la p\u00e1gina web del Ayuntamiento para recibir aportaciones; y presencial (offline), disponiendo de formularios f\u00edsicos en las oficinas municipales para evitar la brecha digital.<\/span><\/p>\n<p>[\/et_pb_text][\/et_pb_column][\/et_pb_row][\/et_pb_section][et_pb_section fb_built=\u00bb1&#8243; _builder_version=\u00bb4.27.4&#8243; _module_preset=\u00bbdefault\u00bb global_colors_info=\u00bb{}\u00bb theme_builder_area=\u00bbpost_content\u00bb custom_padding=\u00bb0px||1px|||\u00bb][et_pb_row _builder_version=\u00bb4.27.4&#8243; _module_preset=\u00bbdefault\u00bb hover_enabled=\u00bb0&#8243; global_colors_info=\u00bb{}\u00bb theme_builder_area=\u00bbpost_content\u00bb sticky_enabled=\u00bb0&#8243;][et_pb_column type=\u00bb4_4&#8243; _builder_version=\u00bb4.27.4&#8243; _module_preset=\u00bbdefault\u00bb global_colors_info=\u00bb{}\u00bb theme_builder_area=\u00bbpost_content\u00bb][et_pb_text _builder_version=\u00bb4.27.4&#8243; _module_preset=\u00bbdefault\u00bb text_text_color=\u00bb#89ad1d\u00bb text_font_size=\u00bb20px\u00bb custom_margin=\u00bb-30px||30px||false|false\u00bb custom_padding=\u00bb||8px||false|false\u00bb hover_enabled=\u00bb0&#8243; border_width_bottom=\u00bb2px\u00bb border_color_bottom=\u00bb#89ad1d\u00bb global_colors_info=\u00bb{}\u00bb theme_builder_area=\u00bbpost_content\u00bb sticky_enabled=\u00bb0&#8243; text_font=\u00bb||||||||\u00bb]<\/p>\n<p>RESULTADOS<\/p>\n<p>[\/et_pb_text][et_pb_text _builder_version=\u00bb4.27.4&#8243; _module_preset=\u00bbdefault\u00bb text_text_color=\u00bb#000000&#8243; hover_enabled=\u00bb0&#8243; global_colors_info=\u00bb{}\u00bb theme_builder_area=\u00bbpost_content\u00bb sticky_enabled=\u00bb0&#8243;]<\/p>\n<p style=\"text-align: justify;\"><span style=\"font-weight: 400;\">Durante el desarrollo del proceso de participaci\u00f3n ciudadana para la elaboraci\u00f3n definitiva del \u201cPlan Estrat\u00e9gico para el despliegue, evaluaci\u00f3n y mejora de la Transparencia y el Buen Gobierno\u201d se ha llevado a cabo una encuesta de diagn\u00f3stico que ha arrojado resultados que muestran la realidad del Ayuntamiento de Muro en materia de transparencia y permiten conocer cu\u00e1l es su situaci\u00f3n respecto a las diversas obligaciones normativas vigentes en materia de publicidad activa y otras ramas tambi\u00e9n relevantes dentro de la transparencia como son los datos abiertos, el derecho de acceso a la informaci\u00f3n p\u00fablica o la integridad institucional.<\/span><\/p>\n<p style=\"text-align: justify;\"><span style=\"font-weight: 400;\">El diagn\u00f3stico obtenido junto con el desarrollo de un an\u00e1lisis DAFO ha permitido desarrollar la redacci\u00f3n del Plan Estrat\u00e9gico para el despliegue, evaluaci\u00f3n y mejora de la Transparencia y el Buen Gobierno.<\/span><\/p>\n<p>[\/et_pb_text][\/et_pb_column][\/et_pb_row][et_pb_row _builder_version=\u00bb4.27.4&#8243; _module_preset=\u00bbdefault\u00bb hover_enabled=\u00bb0&#8243; global_colors_info=\u00bb{}\u00bb theme_builder_area=\u00bbpost_content\u00bb sticky_enabled=\u00bb0&#8243;][et_pb_column type=\u00bb4_4&#8243; _builder_version=\u00bb4.27.4&#8243; _module_preset=\u00bbdefault\u00bb global_colors_info=\u00bb{}\u00bb theme_builder_area=\u00bbpost_content\u00bb][et_pb_text _builder_version=\u00bb4.27.4&#8243; _module_preset=\u00bbdefault\u00bb text_text_color=\u00bb#89ad1d\u00bb text_font_size=\u00bb20px\u00bb custom_margin=\u00bb-30px||30px||false|false\u00bb custom_padding=\u00bb||8px||false|false\u00bb hover_enabled=\u00bb0&#8243; border_width_bottom=\u00bb2px\u00bb border_color_bottom=\u00bb#89ad1d\u00bb global_colors_info=\u00bb{}\u00bb theme_builder_area=\u00bbpost_content\u00bb sticky_enabled=\u00bb0&#8243;]<\/p>\n<p>EJECUCI\u00d3N<\/p>\n<p>[\/et_pb_text][et_pb_text _builder_version=\u00bb4.27.4&#8243; _module_preset=\u00bbdefault\u00bb text_text_color=\u00bb#000000&#8243; hover_enabled=\u00bb0&#8243; global_colors_info=\u00bb{}\u00bb theme_builder_area=\u00bbpost_content\u00bb sticky_enabled=\u00bb0&#8243;]<\/p>\n<p style=\"text-align: justify;\"><span style=\"font-weight: 400;\">El desarrollo de este proceso participativo y los resultados obtenidos tras el diagn\u00f3stico previo junto con el desarrollo de un an\u00e1lisis DAFO han permitido obtener una muestra de la realidad del Ayuntamiento en materia de transparencia y trasladar la informaci\u00f3n al Consistorio para la redacci\u00f3n y ejecuci\u00f3n del Plan Estrat\u00e9gico para el despliegue, evaluaci\u00f3n y mejora de la Transparencia y el Buen Gobierno.<\/span><\/p>\n<p style=\"text-align: justify;\"><span style=\"font-weight: 400;\">La recepci\u00f3n de los resultados ha permitido poner en marcha el Plan y dotarlo de un sistema de evaluaci\u00f3n continua para permitir conseguir lo establecido en el Plan pues los propios indicadores permiten que se realice un seguimiento del grado de cumplimiento del mismo.<\/span><\/p>\n<p>[\/et_pb_text][et_pb_text _builder_version=\u00bb4.27.4&#8243; _module_preset=\u00bbdefault\u00bb text_text_color=\u00bb#89ad1d\u00bb hover_enabled=\u00bb0&#8243; global_colors_info=\u00bb{}\u00bb theme_builder_area=\u00bbpost_content\u00bb sticky_enabled=\u00bb0&#8243; text_font=\u00bb|600|||||||\u00bb text_font_size=\u00bb18px\u00bb custom_margin=\u00bb36px||||false|false\u00bb link_text_color=\u00bb#89ad1d\u00bb]<\/p>\n<p style=\"text-align: center;\"><span style=\"text-decoration: underline;\"><a href=\"https:\/\/www.vilademuro.net\/wp-content\/uploads\/2025\/10\/Pla-Transparencia-i-BG_proces-obertura.pdf\">Accede al Plan estrat\u00e9gico aqu\u00ed.<\/a><\/span><\/p>\n<p>[\/et_pb_text][\/et_pb_column][\/et_pb_row][et_pb_row _builder_version=\u00bb4.27.4&#8243; _module_preset=\u00bbdefault\u00bb theme_builder_area=\u00bbpost_content\u00bb column_structure=\u00bb1_4,1_2,1_4&#8243; hover_enabled=\u00bb0&#8243; sticky_enabled=\u00bb0&#8243; custom_padding=\u00bb||0px|||\u00bb min_height=\u00bb62.8px\u00bb custom_margin=\u00bb82px|auto||auto|false|false\u00bb][et_pb_column _builder_version=\u00bb4.27.4&#8243; _module_preset=\u00bbdefault\u00bb type=\u00bb1_4&#8243; theme_builder_area=\u00bbpost_content\u00bb custom_padding=\u00bb|||0px|false|false\u00bb hover_enabled=\u00bb0&#8243; sticky_enabled=\u00bb0&#8243;][et_pb_divider _builder_version=\u00bb4.27.4&#8243; _module_preset=\u00bbdefault\u00bb theme_builder_area=\u00bbpost_content\u00bb hover_enabled=\u00bb0&#8243; sticky_enabled=\u00bb0&#8243; color=\u00bb#89ad1d\u00bb divider_weight=\u00bb4px\u00bb width=\u00bb60%\u00bb module_alignment=\u00bbleft\u00bb custom_margin=\u00bb-20px||||false|false\u00bb locked=\u00bboff\u00bb][\/et_pb_divider][\/et_pb_column][et_pb_column _builder_version=\u00bb4.27.4&#8243; _module_preset=\u00bbdefault\u00bb type=\u00bb1_2&#8243; theme_builder_area=\u00bbpost_content\u00bb][et_pb_text _builder_version=\u00bb4.27.4&#8243; _module_preset=\u00bbdefault\u00bb text_text_color=\u00bb#89ad1d\u00bb text_font_size=\u00bb24px\u00bb custom_margin=\u00bb-30px|-140px|30px|-140px|false|false\u00bb custom_padding=\u00bb||16px|0px|false|false\u00bb hover_enabled=\u00bb0&#8243; global_colors_info=\u00bb{}\u00bb theme_builder_area=\u00bbpost_content\u00bb sticky_enabled=\u00bb0&#8243; locked=\u00bboff\u00bb text_font=\u00bb|700|||||||\u00bb]<\/p>\n<p style=\"text-align: center;\"><span>PROYECTO 2: CREACI\u00d3N DEL CONSEJO LOCAL DE INFANCIA Y ADOLESCENCIA<br \/><\/span><\/p>\n<p>[\/et_pb_text][\/et_pb_column][et_pb_column _builder_version=\u00bb4.27.4&#8243; _module_preset=\u00bbdefault\u00bb type=\u00bb1_4&#8243; theme_builder_area=\u00bbpost_content\u00bb][et_pb_divider _builder_version=\u00bb4.27.4&#8243; _module_preset=\u00bbdefault\u00bb theme_builder_area=\u00bbpost_content\u00bb hover_enabled=\u00bb0&#8243; sticky_enabled=\u00bb0&#8243; color=\u00bb#89ad1d\u00bb divider_weight=\u00bb4px\u00bb width=\u00bb60%\u00bb module_alignment=\u00bbright\u00bb custom_margin=\u00bb-20px||||false|false\u00bb][\/et_pb_divider][\/et_pb_column][\/et_pb_row][et_pb_row _builder_version=\u00bb4.27.4&#8243; _module_preset=\u00bbdefault\u00bb global_colors_info=\u00bb{}\u00bb theme_builder_area=\u00bbpost_content\u00bb custom_margin=\u00bb|auto|0px|auto||\u00bb][et_pb_column type=\u00bb4_4&#8243; _builder_version=\u00bb4.27.4&#8243; _module_preset=\u00bbdefault\u00bb global_colors_info=\u00bb{}\u00bb theme_builder_area=\u00bbpost_content\u00bb][et_pb_text _builder_version=\u00bb4.27.4&#8243; _module_preset=\u00bbdefault\u00bb text_text_color=\u00bb#000000&#8243; hover_enabled=\u00bb0&#8243; global_colors_info=\u00bb{}\u00bb theme_builder_area=\u00bbpost_content\u00bb custom_margin=\u00bb-36px|||||\u00bb sticky_enabled=\u00bb0&#8243;]<\/p>\n<p style=\"text-align: justify;\"><span style=\"font-weight: 400;\">En 2025 se llev\u00f3 a cabo el proyecto \u2018\u2019Creaci\u00f3n del Consejo Local de Infancia y Adolescencia (CLIA) de Muro\u2019\u2019. El objetivo general del proyecto ha sido crear el Consejo Local de Infancia y Adolescencia de Muro como \u00f3rgano de participaci\u00f3n de los ni\u00f1os, ni\u00f1as y adolescentes en el \u00e1mbito p\u00fablico, coordinado con el Ayuntamiento de Muro, para promover el apoderamiento de ni\u00f1os, ni\u00f1as y adolescentes como sujetos de derecho, hacer valer su opini\u00f3n y activar procesos de participaci\u00f3n ciudadana, debate e interlocuci\u00f3n entre la infancia y la adolescencia, la administraci\u00f3n y el resto de agentes clave. <\/span><\/p>\n<p>[\/et_pb_text][\/et_pb_column][\/et_pb_row][et_pb_row _builder_version=\u00bb4.27.4&#8243; _module_preset=\u00bbdefault\u00bb hover_enabled=\u00bb0&#8243; global_colors_info=\u00bb{}\u00bb theme_builder_area=\u00bbpost_content\u00bb sticky_enabled=\u00bb0&#8243;][et_pb_column type=\u00bb4_4&#8243; _builder_version=\u00bb4.27.4&#8243; _module_preset=\u00bbdefault\u00bb global_colors_info=\u00bb{}\u00bb theme_builder_area=\u00bbpost_content\u00bb][et_pb_text _builder_version=\u00bb4.27.4&#8243; _module_preset=\u00bbdefault\u00bb text_text_color=\u00bb#89ad1d\u00bb text_font_size=\u00bb20px\u00bb custom_margin=\u00bb-30px||30px||false|false\u00bb custom_padding=\u00bb||8px||false|false\u00bb hover_enabled=\u00bb0&#8243; border_width_bottom=\u00bb2px\u00bb border_color_bottom=\u00bb#89ad1d\u00bb global_colors_info=\u00bb{}\u00bb theme_builder_area=\u00bbpost_content\u00bb sticky_enabled=\u00bb0&#8243; text_font=\u00bb||||||||\u00bb]<\/p>\n<p>RESULTADOS<\/p>\n<p>[\/et_pb_text][et_pb_text _builder_version=\u00bb4.27.4&#8243; _module_preset=\u00bbdefault\u00bb text_text_color=\u00bb#000000&#8243; hover_enabled=\u00bb0&#8243; global_colors_info=\u00bb{}\u00bb theme_builder_area=\u00bbpost_content\u00bb sticky_enabled=\u00bb0&#8243;]<\/p>\n<p style=\"text-align: justify;\"><span style=\"font-weight: 400;\">Los resultados obtenidos tras los encuentros con el Grupo Motor han permitido conocer las necesidades del municipio y favorecer la participaci\u00f3n del conjunto de la ciudadan\u00eda para as\u00ed poder elaborar el Reglamento que regular\u00e1 el Consejo Local de Infancia y Adolescencia. En \u00e9l se han desarrollado las funciones, la composici\u00f3n, la elecci\u00f3n de la representaci\u00f3n de la infancia y adolescencia, su r\u00e9gimen de funcionamiento y los Grupos de Trabajo. <\/span><\/p>\n<p style=\"text-align: justify;\"><span style=\"font-weight: 400;\">Tras la elaboraci\u00f3n del Reglamento del CLIA se ha procedido a constituir el Consejo Local de Infancia y Adolescencia y a ponerlo en marcha dando voz directa a los ni\u00f1os, ni\u00f1as y adolescentes del municipio.<\/span><span style=\"font-weight: 400;\"><br \/><\/span><\/p>\n<p>[\/et_pb_text][\/et_pb_column][\/et_pb_row][et_pb_row _builder_version=\u00bb4.27.4&#8243; _module_preset=\u00bbdefault\u00bb hover_enabled=\u00bb0&#8243; global_colors_info=\u00bb{}\u00bb theme_builder_area=\u00bbpost_content\u00bb sticky_enabled=\u00bb0&#8243;][et_pb_column type=\u00bb4_4&#8243; _builder_version=\u00bb4.27.4&#8243; _module_preset=\u00bbdefault\u00bb global_colors_info=\u00bb{}\u00bb theme_builder_area=\u00bbpost_content\u00bb][et_pb_text _builder_version=\u00bb4.27.4&#8243; _module_preset=\u00bbdefault\u00bb text_text_color=\u00bb#89ad1d\u00bb text_font_size=\u00bb20px\u00bb custom_margin=\u00bb-30px||30px||false|false\u00bb custom_padding=\u00bb||8px||false|false\u00bb hover_enabled=\u00bb0&#8243; border_width_bottom=\u00bb2px\u00bb border_color_bottom=\u00bb#89ad1d\u00bb global_colors_info=\u00bb{}\u00bb theme_builder_area=\u00bbpost_content\u00bb sticky_enabled=\u00bb0&#8243;]<\/p>\n<p>EJECUCI\u00d3N<\/p>\n<p>[\/et_pb_text][et_pb_text _builder_version=\u00bb4.27.4&#8243; _module_preset=\u00bbdefault\u00bb text_text_color=\u00bb#000000&#8243; hover_enabled=\u00bb0&#8243; global_colors_info=\u00bb{}\u00bb theme_builder_area=\u00bbpost_content\u00bb sticky_enabled=\u00bb0&#8243;]<\/p>\n<p style=\"text-align: justify;\"><span style=\"font-weight: 400;\">Con la redacci\u00f3n del Reglamento y la constituci\u00f3n del Consejo Local de la Infancia y Adolescencia, Muro refuerza su compromiso con la participaci\u00f3n ciudadana y con la creaci\u00f3n de espacios inclusivos donde todas las personas sean protagonistas en la vida municipal. Dotando al municipio de un espacio de di\u00e1logo y colaboraci\u00f3n con el Ayuntamiento d\u00f3nde dar voz e incorporar la mirada de la infancia y adolescencia. <\/span><\/p>\n<p>[\/et_pb_text][et_pb_text _builder_version=\u00bb4.27.4&#8243; _module_preset=\u00bbdefault\u00bb text_text_color=\u00bb#89ad1d\u00bb hover_enabled=\u00bb0&#8243; global_colors_info=\u00bb{}\u00bb theme_builder_area=\u00bbpost_content\u00bb sticky_enabled=\u00bb0&#8243; text_font=\u00bb|600|||||||\u00bb text_font_size=\u00bb18px\u00bb custom_margin=\u00bb36px||||false|false\u00bb link_text_color=\u00bb#89ad1d\u00bb]<\/p>\n<p style=\"text-align: center;\"><span style=\"text-decoration: underline;\"><a href=\"https:\/\/www.vilademuro.net\/wp-content\/uploads\/2025\/10\/Reglament-CLIA_Muro.pdf\">Accede al Plan estrat\u00e9gico aqu\u00ed.<\/a><\/span><\/p>\n<p>[\/et_pb_text][\/et_pb_column][\/et_pb_row][\/et_pb_section]<\/p>\n","protected":false},"excerpt":{"rendered":"<p>PROYECTO 1: PLAN ESTRAT\u00c9GICO DE TRANSPARENCIA Y BUEN GOBIERNOEn 2025 se llev\u00f3 a cabo el proyecto \u2018\u2019Plan Estrat\u00e9gico para el despliegue, la evaluaci\u00f3n y la mejora continua de la Transparencia [&hellip;]<\/p>\n","protected":false},"author":31,"featured_media":0,"parent":36911,"menu_order":0,"comment_status":"closed","ping_status":"closed","template":"","meta":{"_et_pb_use_builder":"on","_et_pb_old_content":"","_et_gb_content_width":"","footnotes":""},"class_list":["post-59023","page","type-page","status-publish","hentry"],"yoast_head":"<!-- This site is optimized with the Yoast SEO plugin v27.1.1 - https:\/\/yoast.com\/product\/yoast-seo-wordpress\/ -->\n<title>Participaci\u00f3n Ciudadana 2025 | Ajuntament de Muro<\/title>\n<meta name=\"robots\" content=\"index, follow, max-snippet:-1, max-image-preview:large, max-video-preview:-1\" \/>\n<link rel=\"canonical\" href=\"https:\/\/www.vilademuro.net\/es\/areas\/participacion-ciudadana\/participacion-ciudadana-2025\/\" \/>\n<meta property=\"og:locale\" content=\"es_ES\" \/>\n<meta property=\"og:type\" content=\"article\" \/>\n<meta property=\"og:title\" content=\"Participaci\u00f3n Ciudadana 2025 | Ajuntament de Muro\" \/>\n<meta property=\"og:description\" content=\"PROYECTO 1: PLAN ESTRAT\u00c9GICO DE TRANSPARENCIA Y BUEN GOBIERNOEn 2025 se llev\u00f3 a cabo el proyecto \u2018\u2019Plan Estrat\u00e9gico para el despliegue, la evaluaci\u00f3n y la mejora continua de la Transparencia [&hellip;]\" \/>\n<meta property=\"og:url\" content=\"https:\/\/www.vilademuro.net\/es\/areas\/participacion-ciudadana\/participacion-ciudadana-2025\/\" \/>\n<meta property=\"og:site_name\" content=\"Ajuntament de Muro\" \/>\n<meta property=\"article:publisher\" content=\"https:\/\/www.facebook.com\/murodealcoy\" \/>\n<meta property=\"article:modified_time\" content=\"2026-02-18T11:38:30+00:00\" \/>\n<meta property=\"og:image\" content=\"https:\/\/www.vilademuro.net\/wp-content\/uploads\/2019\/12\/logo-color-e1585225385776.jpg\" \/>\n\t<meta property=\"og:image:width\" content=\"30\" \/>\n\t<meta property=\"og:image:height\" content=\"59\" \/>\n\t<meta property=\"og:image:type\" content=\"image\/jpeg\" \/>\n<meta name=\"twitter:card\" content=\"summary_large_image\" \/>\n<meta name=\"twitter:site\" content=\"@AjuntamentMuro\" \/>\n<meta name=\"twitter:label1\" content=\"Tiempo de lectura\" \/>\n\t<meta name=\"twitter:data1\" content=\"10 minutos\" \/>\n<script type=\"application\/ld+json\" class=\"yoast-schema-graph\">{\"@context\":\"https:\/\/schema.org\",\"@graph\":[{\"@type\":\"WebPage\",\"@id\":\"https:\/\/www.vilademuro.net\/es\/areas\/participacion-ciudadana\/participacion-ciudadana-2025\/\",\"url\":\"https:\/\/www.vilademuro.net\/es\/areas\/participacion-ciudadana\/participacion-ciudadana-2025\/\",\"name\":\"Participaci\u00f3n Ciudadana 2025 | Ajuntament de Muro\",\"isPartOf\":{\"@id\":\"https:\/\/www.vilademuro.net\/es\/#website\"},\"datePublished\":\"2025-12-12T08:02:56+00:00\",\"dateModified\":\"2026-02-18T11:38:30+00:00\",\"breadcrumb\":{\"@id\":\"https:\/\/www.vilademuro.net\/es\/areas\/participacion-ciudadana\/participacion-ciudadana-2025\/#breadcrumb\"},\"inLanguage\":\"es\",\"potentialAction\":[{\"@type\":\"ReadAction\",\"target\":[\"https:\/\/www.vilademuro.net\/es\/areas\/participacion-ciudadana\/participacion-ciudadana-2025\/\"]}]},{\"@type\":\"BreadcrumbList\",\"@id\":\"https:\/\/www.vilademuro.net\/es\/areas\/participacion-ciudadana\/participacion-ciudadana-2025\/#breadcrumb\",\"itemListElement\":[{\"@type\":\"ListItem\",\"position\":1,\"name\":\"Inici\",\"item\":\"https:\/\/www.vilademuro.net\/es\/\"},{\"@type\":\"ListItem\",\"position\":2,\"name\":\"\u00c1reas\",\"item\":\"https:\/\/www.vilademuro.net\/es\/areas\/\"},{\"@type\":\"ListItem\",\"position\":3,\"name\":\"Participaci\u00f3n ciudadana\",\"item\":\"https:\/\/www.vilademuro.net\/es\/arees\/participacio-ciutadana\/\"},{\"@type\":\"ListItem\",\"position\":4,\"name\":\"Participaci\u00f3n Ciudadana 2025\"}]},{\"@type\":\"WebSite\",\"@id\":\"https:\/\/www.vilademuro.net\/es\/#website\",\"url\":\"https:\/\/www.vilademuro.net\/es\/\",\"name\":\"Ajuntament de Muro d'Alcoi\",\"description\":\"P\u00e1gina web oficial de l&#039;Ajuntament de Muro\",\"publisher\":{\"@id\":\"https:\/\/www.vilademuro.net\/es\/#organization\"},\"potentialAction\":[{\"@type\":\"SearchAction\",\"target\":{\"@type\":\"EntryPoint\",\"urlTemplate\":\"https:\/\/www.vilademuro.net\/es\/?s={search_term_string}\"},\"query-input\":{\"@type\":\"PropertyValueSpecification\",\"valueRequired\":true,\"valueName\":\"search_term_string\"}}],\"inLanguage\":\"es\"},{\"@type\":\"Organization\",\"@id\":\"https:\/\/www.vilademuro.net\/es\/#organization\",\"name\":\"Ajuntament de Muro\",\"url\":\"https:\/\/www.vilademuro.net\/es\/\",\"logo\":{\"@type\":\"ImageObject\",\"inLanguage\":\"es\",\"@id\":\"https:\/\/www.vilademuro.net\/es\/#\/schema\/logo\/image\/\",\"url\":\"https:\/\/www.vilademuro.net\/wp-content\/uploads\/2022\/10\/LOGO3-2.jpg\",\"contentUrl\":\"https:\/\/www.vilademuro.net\/wp-content\/uploads\/2022\/10\/LOGO3-2.jpg\",\"width\":756,\"height\":517,\"caption\":\"Ajuntament de Muro\"},\"image\":{\"@id\":\"https:\/\/www.vilademuro.net\/es\/#\/schema\/logo\/image\/\"},\"sameAs\":[\"https:\/\/www.facebook.com\/murodealcoy\",\"https:\/\/x.com\/AjuntamentMuro\",\"https:\/\/www.youtube.com\/channel\/UC2rwbKfRqsd1Ncwm6Y1prQw\"]}]}<\/script>\n<!-- \/ Yoast SEO plugin. -->","yoast_head_json":{"title":"Participaci\u00f3n Ciudadana 2025 | Ajuntament de Muro","robots":{"index":"index","follow":"follow","max-snippet":"max-snippet:-1","max-image-preview":"max-image-preview:large","max-video-preview":"max-video-preview:-1"},"canonical":"https:\/\/www.vilademuro.net\/es\/areas\/participacion-ciudadana\/participacion-ciudadana-2025\/","og_locale":"es_ES","og_type":"article","og_title":"Participaci\u00f3n Ciudadana 2025 | Ajuntament de Muro","og_description":"PROYECTO 1: PLAN ESTRAT\u00c9GICO DE TRANSPARENCIA Y BUEN GOBIERNOEn 2025 se llev\u00f3 a cabo el proyecto \u2018\u2019Plan Estrat\u00e9gico para el despliegue, la evaluaci\u00f3n y la mejora continua de la Transparencia [&hellip;]","og_url":"https:\/\/www.vilademuro.net\/es\/areas\/participacion-ciudadana\/participacion-ciudadana-2025\/","og_site_name":"Ajuntament de Muro","article_publisher":"https:\/\/www.facebook.com\/murodealcoy","article_modified_time":"2026-02-18T11:38:30+00:00","og_image":[{"width":30,"height":59,"url":"https:\/\/www.vilademuro.net\/wp-content\/uploads\/2019\/12\/logo-color-e1585225385776.jpg","type":"image\/jpeg"}],"twitter_card":"summary_large_image","twitter_site":"@AjuntamentMuro","twitter_misc":{"Tiempo de lectura":"10 minutos"},"schema":{"@context":"https:\/\/schema.org","@graph":[{"@type":"WebPage","@id":"https:\/\/www.vilademuro.net\/es\/areas\/participacion-ciudadana\/participacion-ciudadana-2025\/","url":"https:\/\/www.vilademuro.net\/es\/areas\/participacion-ciudadana\/participacion-ciudadana-2025\/","name":"Participaci\u00f3n Ciudadana 2025 | Ajuntament de Muro","isPartOf":{"@id":"https:\/\/www.vilademuro.net\/es\/#website"},"datePublished":"2025-12-12T08:02:56+00:00","dateModified":"2026-02-18T11:38:30+00:00","breadcrumb":{"@id":"https:\/\/www.vilademuro.net\/es\/areas\/participacion-ciudadana\/participacion-ciudadana-2025\/#breadcrumb"},"inLanguage":"es","potentialAction":[{"@type":"ReadAction","target":["https:\/\/www.vilademuro.net\/es\/areas\/participacion-ciudadana\/participacion-ciudadana-2025\/"]}]},{"@type":"BreadcrumbList","@id":"https:\/\/www.vilademuro.net\/es\/areas\/participacion-ciudadana\/participacion-ciudadana-2025\/#breadcrumb","itemListElement":[{"@type":"ListItem","position":1,"name":"Inici","item":"https:\/\/www.vilademuro.net\/es\/"},{"@type":"ListItem","position":2,"name":"\u00c1reas","item":"https:\/\/www.vilademuro.net\/es\/areas\/"},{"@type":"ListItem","position":3,"name":"Participaci\u00f3n ciudadana","item":"https:\/\/www.vilademuro.net\/es\/arees\/participacio-ciutadana\/"},{"@type":"ListItem","position":4,"name":"Participaci\u00f3n Ciudadana 2025"}]},{"@type":"WebSite","@id":"https:\/\/www.vilademuro.net\/es\/#website","url":"https:\/\/www.vilademuro.net\/es\/","name":"Ajuntament de Muro d'Alcoi","description":"P\u00e1gina web oficial de l&#039;Ajuntament de Muro","publisher":{"@id":"https:\/\/www.vilademuro.net\/es\/#organization"},"potentialAction":[{"@type":"SearchAction","target":{"@type":"EntryPoint","urlTemplate":"https:\/\/www.vilademuro.net\/es\/?s={search_term_string}"},"query-input":{"@type":"PropertyValueSpecification","valueRequired":true,"valueName":"search_term_string"}}],"inLanguage":"es"},{"@type":"Organization","@id":"https:\/\/www.vilademuro.net\/es\/#organization","name":"Ajuntament de Muro","url":"https:\/\/www.vilademuro.net\/es\/","logo":{"@type":"ImageObject","inLanguage":"es","@id":"https:\/\/www.vilademuro.net\/es\/#\/schema\/logo\/image\/","url":"https:\/\/www.vilademuro.net\/wp-content\/uploads\/2022\/10\/LOGO3-2.jpg","contentUrl":"https:\/\/www.vilademuro.net\/wp-content\/uploads\/2022\/10\/LOGO3-2.jpg","width":756,"height":517,"caption":"Ajuntament de Muro"},"image":{"@id":"https:\/\/www.vilademuro.net\/es\/#\/schema\/logo\/image\/"},"sameAs":["https:\/\/www.facebook.com\/murodealcoy","https:\/\/x.com\/AjuntamentMuro","https:\/\/www.youtube.com\/channel\/UC2rwbKfRqsd1Ncwm6Y1prQw"]}]}},"_links":{"self":[{"href":"https:\/\/www.vilademuro.net\/es\/wp-json\/wp\/v2\/pages\/59023","targetHints":{"allow":["GET"]}}],"collection":[{"href":"https:\/\/www.vilademuro.net\/es\/wp-json\/wp\/v2\/pages"}],"about":[{"href":"https:\/\/www.vilademuro.net\/es\/wp-json\/wp\/v2\/types\/page"}],"author":[{"embeddable":true,"href":"https:\/\/www.vilademuro.net\/es\/wp-json\/wp\/v2\/users\/31"}],"replies":[{"embeddable":true,"href":"https:\/\/www.vilademuro.net\/es\/wp-json\/wp\/v2\/comments?post=59023"}],"version-history":[{"count":8,"href":"https:\/\/www.vilademuro.net\/es\/wp-json\/wp\/v2\/pages\/59023\/revisions"}],"predecessor-version":[{"id":59875,"href":"https:\/\/www.vilademuro.net\/es\/wp-json\/wp\/v2\/pages\/59023\/revisions\/59875"}],"up":[{"embeddable":true,"href":"https:\/\/www.vilademuro.net\/es\/wp-json\/wp\/v2\/pages\/36911"}],"wp:attachment":[{"href":"https:\/\/www.vilademuro.net\/es\/wp-json\/wp\/v2\/media?parent=59023"}],"curies":[{"name":"wp","href":"https:\/\/api.w.org\/{rel}","templated":true}]}}