{"id":35235,"date":"2019-12-02T11:30:31","date_gmt":"2019-12-02T10:30:31","guid":{"rendered":"https:\/\/www.vilademuro.net\/gastronomia\/"},"modified":"2020-04-07T14:34:00","modified_gmt":"2020-04-07T12:34:00","slug":"gastronomia","status":"publish","type":"page","link":"https:\/\/www.vilademuro.net\/es\/turismo\/gastronomia\/","title":{"rendered":"Gastronom\u00eda"},"content":{"rendered":"<p>[et_pb_section fb_built=\u00bb1&#8243; admin_label=\u00bbGallery\u00bb _builder_version=\u00bb3.22&#8243; background_color=\u00bbrgba(0,0,0,0)\u00bb custom_padding=\u00bb0|0px|13px|0px|false|false\u00bb][et_pb_row _builder_version=\u00bb4.0.5&#8243; custom_padding=\u00bb0|0px|27px|0px|false|false\u00bb][et_pb_column type=\u00bb4_4&#8243; _builder_version=\u00bb4.0.5&#8243; custom_padding__hover=\u00bb|||\u00bb][et_pb_text _builder_version=\u00bb4.0.5&#8243; text_font=\u00bbOpen Sans||||||||\u00bb text_font_size=\u00bb17px\u00bb header_font=\u00bb||||||||\u00bb header_2_font=\u00bbGilda Display|700|||||||\u00bb header_2_font_size=\u00bb30px\u00bb header_2_line_height=\u00bb1.2em\u00bb header_2_font_size_tablet=\u00bb30px\u00bb header_2_font_size_phone=\u00bb29px\u00bb header_2_font_size_last_edited=\u00bbon|desktop\u00bb locked=\u00bboff\u00bb]El\u00a0<strong>aceite<\/strong>, imprescindible en nuestra dieta mediterr\u00e1nea, se produce aqu\u00ed en abundancia, siendo de excelente calidad y prestigio. Como de prestigio bien reconocido es tambi\u00e9n la gastronom\u00eda de \u00abcasa llauradora\u00bb.<\/p>\n<p>Pasamos a los\u00a0<strong>platos calientes<\/strong>, aqu\u00ed nombraremos el \u00ab<strong>Arr\u00f2s al forn<\/strong>\u00ab, y continuando con la variedad de arrozes, tenemos tambi\u00e9n les \u00ab<strong>Bajoques farcides<\/strong>\u00ab.<\/p>\n<p>\u00ab<strong>Olleta de M\u00fasic<\/strong>\u00ab, \u00ab<strong>Fassedures de dacsa<\/strong>\u00ab, \u00a0\u00ab<strong>Blat picat<\/strong>\u00bb\u00a0y \u00ab<strong>Mentirons<\/strong>\u00bb\u00a0son platos que por tener un alto grado de calor\u00edas se sol\u00edan cocinar en pleno invierno.<\/p>\n<p>La variedad de\u00a0<strong>hortalizas\u00a0<\/strong>nos deleitan con platos sabros\u00edsimos como: \u00ab<strong>Casaques fregides<\/strong>\u00ab, \u00ab<strong>Faves Sacsades<\/strong>\u00ab, \u00ab<strong>Renyos de Masero<\/strong>\u00bb este \u00faltimo t\u00edpicamente murero que no se encuentra por los alrededores.<\/p>\n<p>Empezaremos hablando del\u00a0<strong>aperitivo<\/strong>; el \u00ab<strong>Aiguasal<\/strong>\u00bb forma parte de nuestro vermut, \u00ab<strong>les olives trencades<\/strong>\u00bb y \u00ab<strong>les ametlles<\/strong>\u00bb dado que Muro es un pueblo de agricultura de secano, sin dejar de nombrar \u00ab<strong>l&#8217;Aspencat<\/strong>\u00bb y \u00ab<strong>la Pericana<\/strong>\u00ab, t\u00edpicos en la dieta del llaurador.<\/p>\n<p>Para terminar con un buen gusto de boca nombraremos los\u00a0<strong>dulces<\/strong>: \u00ab<strong>Codonyat<\/strong>\u00ab, \u00ab<strong>Dol\u00e7 de tomaca<\/strong>\u00ab, \u00ab<strong>Coca de Canonge<\/strong>\u00ab, y como frutos del terreno \u00ab<strong>les figues<\/strong>\u00bb y \u00ab<strong>la carabassa<\/strong>\u00ab.<\/p>\n<p>Hemos podido apreciar que nuestra gastronom\u00eda es muy variada y saludable, aqu\u00ed tenemos una muestra de nuestra riqueza.<\/p>\n<p>Todos estos platos pueden degustarse en los restaurantes de la localidad.[\/et_pb_text][\/et_pb_column][\/et_pb_row][\/et_pb_section][et_pb_section fb_built=\u00bb1&#8243; next_background_color=\u00bb#ffffff\u00bb _builder_version=\u00bb4.2.2&#8243; background_color=\u00bb#f3f3f3&#8243; width=\u00bb100%\u00bb max_width=\u00bb100%\u00bb top_divider_style=\u00bbwave2&#8243; top_divider_color=\u00bb#ffffff\u00bb bottom_divider_style=\u00bbwave2&#8243;][et_pb_row _builder_version=\u00bb4.2.2&#8243;][et_pb_column type=\u00bb4_4&#8243; _builder_version=\u00bb4.0.5&#8243; custom_padding__hover=\u00bb|||\u00bb][et_pb_text admin_label=\u00bbOn menjar\u00bb _builder_version=\u00bb4.2.2&#8243; text_font=\u00bbOpen Sans||||||||\u00bb text_font_size=\u00bb50px\u00bb text_line_height=\u00bb2em\u00bb header_font=\u00bb||||||||\u00bb header_2_font=\u00bbGilda Display|700|||||||\u00bb header_2_font_size=\u00bb30px\u00bb header_2_line_height=\u00bb1.2em\u00bb header_2_font_size_tablet=\u00bb30px\u00bb header_2_font_size_phone=\u00bb29px\u00bb header_2_font_size_last_edited=\u00bbon|phone\u00bb locked=\u00bboff\u00bb]D\u00f3nde comer[\/et_pb_text][et_pb_divider color=\u00bb#89AD1D\u00bb divider_weight=\u00bb2px\u00bb _builder_version=\u00bb4.2.2&#8243; width=\u00bb12%\u00bb][\/et_pb_divider][\/et_pb_column][\/et_pb_row][et_pb_row _builder_version=\u00bb4.0.5&#8243; width=\u00bb90%\u00bb max_width=\u00bb1400px\u00bb custom_padding=\u00bb||61px|1px||\u00bb locked=\u00bboff\u00bb][et_pb_column type=\u00bb4_4&#8243; _builder_version=\u00bb3.29.3&#8243;][et_pb_text _builder_version=\u00bb4.1&#8243;]<div class=\"pt-cv-wrapper et_smooth_scroll_disabled\"><div class=\"pt-cv-view pt-cv-grid pt-cv-colsys\" id=\"pt-cv-view-ac13f7ay8n\"><div data-id=\"pt-cv-page-1\" class=\"pt-cv-page\" data-cvc=\"5\"><div class=\"col-md-2 col-sm-3 col-xs-12 pt-cv-content-item pt-cv-1-col\"  data-pid=\"34711\"><div class='pt-cv-ifield'><h4 class=\"pt-cv-title\"><a href=\"https:\/\/www.vilademuro.net\/es\/bar-cafeteria-cots\/\" class=\"_self cvplbd\" target=\"_self\" >BAR CAFETER\u00cdA COTS<\/a><\/h4><\/div><\/div>\n<div class=\"col-md-2 col-sm-3 col-xs-12 pt-cv-content-item pt-cv-1-col\"  data-pid=\"34761\"><div class='pt-cv-ifield'><h4 class=\"pt-cv-title\"><a href=\"https:\/\/www.vilademuro.net\/es\/bar-cazadores\/\" class=\"_self cvplbd\" target=\"_self\" >BAR CAZADORES<\/a><\/h4><\/div><\/div>\n<div class=\"col-md-2 col-sm-3 col-xs-12 pt-cv-content-item pt-cv-1-col\"  data-pid=\"34648\"><div class='pt-cv-ifield'><h4 class=\"pt-cv-title\"><a href=\"https:\/\/www.vilademuro.net\/es\/bar-distraccio\/\" class=\"_self cvplbd\" target=\"_self\" >BAR DISTRACCI\u00d3<\/a><\/h4><\/div><\/div>\n<div class=\"col-md-2 col-sm-3 col-xs-12 pt-cv-content-item pt-cv-1-col\"  data-pid=\"34513\"><div class='pt-cv-ifield'><h4 class=\"pt-cv-title\"><a href=\"https:\/\/www.vilademuro.net\/es\/bar-el-baret\/\" class=\"_self cvplbd\" target=\"_self\" >BAR EL BARET<\/a><\/h4><\/div><\/div>\n<div class=\"col-md-4 col-sm-3 col-xs-12 pt-cv-content-item pt-cv-1-col\"  data-pid=\"34759\"><div class='pt-cv-ifield'><h4 class=\"pt-cv-title\"><a href=\"https:\/\/www.vilademuro.net\/es\/bar-el-bracal\/\" class=\"_self cvplbd\" target=\"_self\" >BAR EL BRACAL<\/a><\/h4><\/div><\/div>\n<div class=\"col-md-2 col-sm-3 col-xs-12 pt-cv-content-item pt-cv-1-col\"  data-pid=\"34540\"><div class='pt-cv-ifield'><h4 class=\"pt-cv-title\"><a href=\"https:\/\/www.vilademuro.net\/es\/bar-restaurante-la-musica\/\" class=\"_self cvplbd\" target=\"_self\" >BAR RESTAURANTE LA M\u00daSICA<\/a><\/h4><\/div><\/div>\n<div class=\"col-md-2 col-sm-3 col-xs-12 pt-cv-content-item pt-cv-1-col\"  data-pid=\"34678\"><div class='pt-cv-ifield'><h4 class=\"pt-cv-title\"><a href=\"https:\/\/www.vilademuro.net\/es\/bar-setla\/\" class=\"_self cvplbd\" target=\"_self\" >BAR SETLA<\/a><\/h4><\/div><\/div>\n<div class=\"col-md-2 col-sm-3 col-xs-12 pt-cv-content-item pt-cv-1-col\"  data-pid=\"34727\"><div class='pt-cv-ifield'><h4 class=\"pt-cv-title\"><a href=\"https:\/\/www.vilademuro.net\/es\/cafeteria-bar-i-rte-dandys\/\" class=\"_self cvplbd\" target=\"_self\" >CAFETER\u00cdA BAR I RTE DANDY&#8217;S<\/a><\/h4><\/div><\/div>\n<div class=\"col-md-2 col-sm-3 col-xs-12 pt-cv-content-item pt-cv-1-col\"  data-pid=\"34744\"><div class='pt-cv-ifield'><h4 class=\"pt-cv-title\"><a href=\"https:\/\/www.vilademuro.net\/es\/cafeteria-cho-chim\/\" class=\"_self cvplbd\" target=\"_self\" >CAFETER\u00cdA CHO CHIM<\/a><\/h4><\/div><\/div>\n<div class=\"col-md-4 col-sm-3 col-xs-12 pt-cv-content-item pt-cv-1-col\"  data-pid=\"34620\"><div class='pt-cv-ifield'><h4 class=\"pt-cv-title\"><a href=\"https:\/\/www.vilademuro.net\/es\/cafeteria-copfes\/\" class=\"_self cvplbd\" target=\"_self\" >CAFETER\u00cdA COPFES<\/a><\/h4><\/div><\/div>\n<div class=\"col-md-2 col-sm-3 col-xs-12 pt-cv-content-item pt-cv-1-col\"  data-pid=\"34628\"><div class='pt-cv-ifield'><h4 class=\"pt-cv-title\"><a href=\"https:\/\/www.vilademuro.net\/es\/cafeteria-el-localet\/\" class=\"_self cvplbd\" target=\"_self\" >CAFETER\u00cdA EL LOCALET<\/a><\/h4><\/div><\/div>\n<div class=\"col-md-2 col-sm-3 col-xs-12 pt-cv-content-item pt-cv-1-col\"  data-pid=\"34644\"><div class='pt-cv-ifield'><h4 class=\"pt-cv-title\"><a href=\"https:\/\/www.vilademuro.net\/es\/cafeteria-el-saleret\/\" class=\"_self cvplbd\" target=\"_self\" >CAFETER\u00cdA EL SALERET<\/a><\/h4><\/div><\/div>\n<div class=\"col-md-2 col-sm-3 col-xs-12 pt-cv-content-item pt-cv-1-col\"  data-pid=\"34522\"><div class='pt-cv-ifield'><h4 class=\"pt-cv-title\"><a href=\"https:\/\/www.vilademuro.net\/es\/cafeteria-faus\/\" class=\"_self cvplbd\" target=\"_self\" >CAFETER\u00cdA FAUS<\/a><\/h4><\/div><\/div>\n<div class=\"col-md-2 col-sm-3 col-xs-12 pt-cv-content-item pt-cv-1-col\"  data-pid=\"34476\"><div class='pt-cv-ifield'><h4 class=\"pt-cv-title\"><a href=\"https:\/\/www.vilademuro.net\/es\/cafeteria-les-boles\/\" class=\"_self cvplbd\" target=\"_self\" >CAFETER\u00cdA LES BOLES<\/a><\/h4><\/div><\/div>\n<div class=\"col-md-4 col-sm-3 col-xs-12 pt-cv-content-item pt-cv-1-col\"  data-pid=\"34604\"><div class='pt-cv-ifield'><h4 class=\"pt-cv-title\"><a href=\"https:\/\/www.vilademuro.net\/es\/cafeteria-matzem\/\" class=\"_self cvplbd\" target=\"_self\" >CAFETER\u00cdA MATZEM<\/a><\/h4><\/div><\/div>\n<div class=\"col-md-2 col-sm-3 col-xs-12 pt-cv-content-item pt-cv-1-col\"  data-pid=\"34694\"><div class='pt-cv-ifield'><h4 class=\"pt-cv-title\"><a href=\"https:\/\/www.vilademuro.net\/es\/central-palace\/\" class=\"_self cvplbd\" target=\"_self\" >CENTRAL PALACE<\/a><\/h4><\/div><\/div>\n<div class=\"col-md-2 col-sm-3 col-xs-12 pt-cv-content-item pt-cv-1-col\"  data-pid=\"34719\"><div class='pt-cv-ifield'><h4 class=\"pt-cv-title\"><a href=\"https:\/\/www.vilademuro.net\/es\/churreria-gimenez\/\" class=\"_self cvplbd\" target=\"_self\" >CHURRER\u00cdA GIMENEZ<\/a><\/h4><\/div><\/div>\n<div class=\"col-md-2 col-sm-3 col-xs-12 pt-cv-content-item pt-cv-1-col\"  data-pid=\"34636\"><div class='pt-cv-ifield'><h4 class=\"pt-cv-title\"><a href=\"https:\/\/www.vilademuro.net\/es\/el-raconet-del-tio-pep\/\" class=\"_self cvplbd\" target=\"_self\" >EL RACONET DEL TIO PEP<\/a><\/h4><\/div><\/div>\n<div class=\"col-md-2 col-sm-3 col-xs-12 pt-cv-content-item pt-cv-1-col\"  data-pid=\"34656\"><div class='pt-cv-ifield'><h4 class=\"pt-cv-title\"><a href=\"https:\/\/www.vilademuro.net\/es\/heladeria-cafeteria-el-bata\/\" class=\"_self cvplbd\" target=\"_self\" >HELADER\u00cdA CAFETERIA EL BATA<\/a><\/h4><\/div><\/div>\n<div class=\"col-md-4 col-sm-3 col-xs-12 pt-cv-content-item pt-cv-1-col\"  data-pid=\"57267\"><div class='pt-cv-ifield'><h4 class=\"pt-cv-title\"><a href=\"https:\/\/www.vilademuro.net\/es\/horaris-dels-bars-i-restaurants-de-muro-aquest-agost\/\" class=\"_self cvplbd\" target=\"_self\" >Horario de los bares y restaurantes de Muro en agosto<\/a><\/h4><\/div><\/div>\n<div class=\"col-md-2 col-sm-3 col-xs-12 pt-cv-content-item pt-cv-1-col\"  data-pid=\"34574\"><div class='pt-cv-ifield'><h4 class=\"pt-cv-title\"><a href=\"https:\/\/www.vilademuro.net\/es\/hostal-restaurante-copacabana\/\" class=\"_self cvplbd\" target=\"_self\" >HOSTAL -RESTAURANTE COPACABANA<\/a><\/h4><\/div><\/div>\n<div class=\"col-md-2 col-sm-3 col-xs-12 pt-cv-content-item pt-cv-1-col\"  data-pid=\"34595\"><div class='pt-cv-ifield'><h4 class=\"pt-cv-title\"><a href=\"https:\/\/www.vilademuro.net\/es\/lencant-de-kiara\/\" class=\"_self cvplbd\" target=\"_self\" >L&#8217;ENCANT DE KIARA<\/a><\/h4><\/div><\/div>\n<div class=\"col-md-2 col-sm-3 col-xs-12 pt-cv-content-item pt-cv-1-col\"  data-pid=\"34667\"><div class='pt-cv-ifield'><h4 class=\"pt-cv-title\"><a href=\"https:\/\/www.vilademuro.net\/es\/menjars-julia\/\" class=\"_self cvplbd\" target=\"_self\" >MENJARS J\u00daLIA<\/a><\/h4><\/div><\/div>\n<div class=\"col-md-2 col-sm-3 col-xs-12 pt-cv-content-item pt-cv-1-col\"  data-pid=\"34660\"><div class='pt-cv-ifield'><h4 class=\"pt-cv-title\"><a href=\"https:\/\/www.vilademuro.net\/es\/menjars-parres\/\" class=\"_self cvplbd\" target=\"_self\" >MENJARS PARRES<\/a><\/h4><\/div><\/div>\n<div class=\"col-md-4 col-sm-3 col-xs-12 pt-cv-content-item pt-cv-1-col\"  data-pid=\"34589\"><div class='pt-cv-ifield'><h4 class=\"pt-cv-title\"><a href=\"https:\/\/www.vilademuro.net\/es\/pa-dolcos-i-cafe-silvestre\/\" class=\"_self cvplbd\" target=\"_self\" >PA , DOL\u00c7OS I CAF\u00c9 SILVESTRE<\/a><\/h4><\/div><\/div>\n<div class=\"col-md-2 col-sm-3 col-xs-12 pt-cv-content-item pt-cv-1-col\"  data-pid=\"34735\"><div class='pt-cv-ifield'><h4 class=\"pt-cv-title\"><a href=\"https:\/\/www.vilademuro.net\/es\/pension-bar-rte-central\/\" class=\"_self cvplbd\" target=\"_self\" >PENSI\u00d3N BAR-RTE CENTRAL<\/a><\/h4><\/div><\/div>\n<div class=\"col-md-2 col-sm-3 col-xs-12 pt-cv-content-item pt-cv-1-col\"  data-pid=\"34466\"><div class='pt-cv-ifield'><h4 class=\"pt-cv-title\"><a href=\"https:\/\/www.vilademuro.net\/es\/pizzeria-la-forqueta\/\" class=\"_self cvplbd\" target=\"_self\" >PIZZERIA LA FORQUETA<\/a><\/h4><\/div><\/div>\n<div class=\"col-md-2 col-sm-3 col-xs-12 pt-cv-content-item pt-cv-1-col\"  data-pid=\"34611\"><div class='pt-cv-ifield'><h4 class=\"pt-cv-title\"><a href=\"https:\/\/www.vilademuro.net\/es\/pizzeria-tratoria-di-marco\/\" class=\"_self cvplbd\" target=\"_self\" >PIZZERIA TRATORIA DI MARCO<\/a><\/h4><\/div><\/div>\n<div class=\"col-md-2 col-sm-3 col-xs-12 pt-cv-content-item pt-cv-1-col\"  data-pid=\"34487\"><div class='pt-cv-ifield'><h4 class=\"pt-cv-title\"><a href=\"https:\/\/www.vilademuro.net\/es\/pollos-y-pizzas-ortiz\/\" class=\"_self cvplbd\" target=\"_self\" >POLLOS Y PIZZAS ORTIZ<\/a><\/h4><\/div><\/div>\n<div class=\"col-md-4 col-sm-3 col-xs-12 pt-cv-content-item pt-cv-1-col\"  data-pid=\"34504\"><div class='pt-cv-ifield'><h4 class=\"pt-cv-title\"><a href=\"https:\/\/www.vilademuro.net\/es\/pub-la-bolsa\/\" class=\"_self cvplbd\" target=\"_self\" >PUB LA BOLSA<\/a><\/h4><\/div><\/div>\n<div class=\"col-md-2 col-sm-3 col-xs-12 pt-cv-content-item pt-cv-1-col\"  data-pid=\"34686\"><div class='pt-cv-ifield'><h4 class=\"pt-cv-title\"><a href=\"https:\/\/www.vilademuro.net\/es\/pub-mestral\/\" class=\"_self cvplbd\" target=\"_self\" >PUB MESTRAL<\/a><\/h4><\/div><\/div>\n<div class=\"col-md-2 col-sm-3 col-xs-12 pt-cv-content-item pt-cv-1-col\"  data-pid=\"34442\"><div class='pt-cv-ifield'><h4 class=\"pt-cv-title\"><a href=\"https:\/\/www.vilademuro.net\/es\/restaurant-la-vil-leta-hotel-vila-de-muro\/\" class=\"_self cvplbd\" target=\"_self\" >RESTAURANT LA VIL.LETA &#8211; HOTEL VILA DE MURO<\/a><\/h4><\/div><\/div>\n<div class=\"col-md-2 col-sm-3 col-xs-12 pt-cv-content-item pt-cv-1-col\"  data-pid=\"34582\"><div class='pt-cv-ifield'><h4 class=\"pt-cv-title\"><a href=\"https:\/\/www.vilademuro.net\/es\/restaurante-alcoyano\/\" class=\"_self cvplbd\" target=\"_self\" >RESTAURANTE ALCOYANO<\/a><\/h4><\/div><\/div>\n<div class=\"col-md-2 col-sm-3 col-xs-12 pt-cv-content-item pt-cv-1-col\"  data-pid=\"34456\"><div class='pt-cv-ifield'><h4 class=\"pt-cv-title\"><a href=\"https:\/\/www.vilademuro.net\/es\/restaurante-calvo\/\" class=\"_self cvplbd\" target=\"_self\" >RESTAURANTE CALVO<\/a><\/h4><\/div><\/div>\n<div class=\"col-md-4 col-sm-3 col-xs-12 pt-cv-content-item pt-cv-1-col\"  data-pid=\"34532\"><div class='pt-cv-ifield'><h4 class=\"pt-cv-title\"><a href=\"https:\/\/www.vilademuro.net\/es\/restaurante-casa-victor\/\" class=\"_self cvplbd\" target=\"_self\" >RESTAURANTE CASA VICTOR<\/a><\/h4><\/div><\/div>\n<div class=\"col-md-2 col-sm-3 col-xs-12 pt-cv-content-item pt-cv-1-col\"  data-pid=\"34556\"><div class='pt-cv-ifield'><h4 class=\"pt-cv-title\"><a href=\"https:\/\/www.vilademuro.net\/es\/restaurante-la-picaeta\/\" class=\"_self cvplbd\" target=\"_self\" >RESTAURANTE LA PICAETA<\/a><\/h4><\/div><\/div>\n<div class=\"col-md-2 col-sm-3 col-xs-12 pt-cv-content-item pt-cv-1-col\"  data-pid=\"34548\"><div class='pt-cv-ifield'><h4 class=\"pt-cv-title\"><a href=\"https:\/\/www.vilademuro.net\/es\/restaurante-bar-cabeza\/\" class=\"_self cvplbd\" target=\"_self\" >RESTAURANTE-BAR CABEZA<\/a><\/h4><\/div><\/div>\n<div class=\"col-md-2 col-sm-3 col-xs-12 pt-cv-content-item pt-cv-1-col\"  data-pid=\"34703\"><div class='pt-cv-ifield'><h4 class=\"pt-cv-title\"><a href=\"https:\/\/www.vilademuro.net\/es\/sonrise-irish-pub\/\" class=\"_self cvplbd\" target=\"_self\" >SONRISE IRISH PUB<\/a><\/h4><\/div><\/div><\/div><\/div><\/div>\t\t\t<style type=\"text\/css\" id=\"pt-cv-inline-style-a218c11wqe\">#pt-cv-view-ac13f7ay8n .pt-cv-ifield { padding-top: 5px !important; padding-right: 5px !important; padding-bottom: 5px !important; padding-left: 5px !important; }\n#pt-cv-view-ac13f7ay8n .pt-cv-title a, #pt-cv-view-ac13f7ay8n  .panel-title { color: #89ad1d !important; font-weight: 600 !important; }\n#pt-cv-view-ac13f7ay8n  .pt-cv-title a:hover, #pt-cv-view-ac13f7ay8n  .panel-title:hover   { color: #ffffff !important; background-color: #89ad1d !important; }\n#pt-cv-view-ac13f7ay8n .pt-cv-meta-fields * { color: #89ad1d !important; font-weight: 600 !important; }\n#pt-cv-view-ac13f7ay8n .pt-cv-readmore  { color: #ffffff !important; background-color: #89ad1d !important; }\n#pt-cv-view-ac13f7ay8n .pt-cv-readmore:hover  { color: #ffffff !important; background-color: rgba(137,173,29,0.53) !important; }<\/style>\r\n\t\t\t[\/et_pb_text][\/et_pb_column][\/et_pb_row][\/et_pb_section]<\/p>\n","protected":false},"excerpt":{"rendered":"<p>El\u00a0aceite, imprescindible en nuestra dieta mediterr\u00e1nea, se produce aqu\u00ed en abundancia, siendo de excelente calidad y prestigio. Como de prestigio bien reconocido es tambi\u00e9n la gastronom\u00eda de \u00abcasa llauradora\u00bb. Pasamos [&hellip;]<\/p>\n","protected":false},"author":1,"featured_media":30309,"parent":35261,"menu_order":0,"comment_status":"closed","ping_status":"closed","template":"","meta":{"_et_pb_use_builder":"on","_et_pb_old_content":"","_et_gb_content_width":"","footnotes":""},"class_list":["post-35235","page","type-page","status-publish","has-post-thumbnail","hentry"],"yoast_head":"<!-- This site is optimized with the Yoast SEO plugin v27.1.1 - https:\/\/yoast.com\/product\/yoast-seo-wordpress\/ -->\n<title>Gastronom\u00eda | Ajuntament de Muro<\/title>\n<meta name=\"robots\" content=\"index, follow, max-snippet:-1, max-image-preview:large, max-video-preview:-1\" \/>\n<link rel=\"canonical\" href=\"https:\/\/www.vilademuro.net\/es\/turismo\/gastronomia\/\" \/>\n<meta property=\"og:locale\" content=\"es_ES\" \/>\n<meta property=\"og:type\" content=\"article\" \/>\n<meta property=\"og:title\" content=\"Gastronom\u00eda | Ajuntament de Muro\" \/>\n<meta property=\"og:description\" content=\"El\u00a0aceite, imprescindible en nuestra dieta mediterr\u00e1nea, se produce aqu\u00ed en abundancia, siendo de excelente calidad y prestigio. Como de prestigio bien reconocido es tambi\u00e9n la gastronom\u00eda de &quot;casa llauradora&quot;. Pasamos [&hellip;]\" \/>\n<meta property=\"og:url\" content=\"https:\/\/www.vilademuro.net\/es\/turismo\/gastronomia\/\" \/>\n<meta property=\"og:site_name\" content=\"Ajuntament de Muro\" \/>\n<meta property=\"article:publisher\" content=\"https:\/\/www.facebook.com\/murodealcoy\" \/>\n<meta property=\"article:modified_time\" content=\"2020-04-07T12:34:00+00:00\" \/>\n<meta property=\"og:image\" content=\"https:\/\/www.vilademuro.net\/wp-content\/uploads\/2019\/12\/aceite-grande.jpg\" \/>\n\t<meta property=\"og:image:width\" content=\"1054\" \/>\n\t<meta property=\"og:image:height\" content=\"699\" \/>\n\t<meta property=\"og:image:type\" content=\"image\/jpeg\" \/>\n<meta name=\"twitter:card\" content=\"summary_large_image\" \/>\n<meta name=\"twitter:site\" content=\"@AjuntamentMuro\" \/>\n<meta name=\"twitter:label1\" content=\"Tiempo de lectura\" \/>\n\t<meta name=\"twitter:data1\" content=\"2 minutos\" \/>\n<script type=\"application\/ld+json\" class=\"yoast-schema-graph\">{\"@context\":\"https:\/\/schema.org\",\"@graph\":[{\"@type\":\"WebPage\",\"@id\":\"https:\/\/www.vilademuro.net\/es\/turismo\/gastronomia\/\",\"url\":\"https:\/\/www.vilademuro.net\/es\/turismo\/gastronomia\/\",\"name\":\"Gastronom\u00eda | Ajuntament de Muro\",\"isPartOf\":{\"@id\":\"https:\/\/www.vilademuro.net\/es\/#website\"},\"primaryImageOfPage\":{\"@id\":\"https:\/\/www.vilademuro.net\/es\/turismo\/gastronomia\/#primaryimage\"},\"image\":{\"@id\":\"https:\/\/www.vilademuro.net\/es\/turismo\/gastronomia\/#primaryimage\"},\"thumbnailUrl\":\"https:\/\/www.vilademuro.net\/wp-content\/uploads\/2019\/12\/aceite-grande.jpg\",\"datePublished\":\"2019-12-02T10:30:31+00:00\",\"dateModified\":\"2020-04-07T12:34:00+00:00\",\"breadcrumb\":{\"@id\":\"https:\/\/www.vilademuro.net\/es\/turismo\/gastronomia\/#breadcrumb\"},\"inLanguage\":\"es\",\"potentialAction\":[{\"@type\":\"ReadAction\",\"target\":[\"https:\/\/www.vilademuro.net\/es\/turismo\/gastronomia\/\"]}]},{\"@type\":\"ImageObject\",\"inLanguage\":\"es\",\"@id\":\"https:\/\/www.vilademuro.net\/es\/turismo\/gastronomia\/#primaryimage\",\"url\":\"https:\/\/www.vilademuro.net\/wp-content\/uploads\/2019\/12\/aceite-grande.jpg\",\"contentUrl\":\"https:\/\/www.vilademuro.net\/wp-content\/uploads\/2019\/12\/aceite-grande.jpg\",\"width\":1054,\"height\":699,\"caption\":\"aceite\"},{\"@type\":\"BreadcrumbList\",\"@id\":\"https:\/\/www.vilademuro.net\/es\/turismo\/gastronomia\/#breadcrumb\",\"itemListElement\":[{\"@type\":\"ListItem\",\"position\":1,\"name\":\"Inici\",\"item\":\"https:\/\/www.vilademuro.net\/es\/\"},{\"@type\":\"ListItem\",\"position\":2,\"name\":\"Turismo\",\"item\":\"https:\/\/www.vilademuro.net\/es\/turisme\/\"},{\"@type\":\"ListItem\",\"position\":3,\"name\":\"Gastronom\u00eda\"}]},{\"@type\":\"WebSite\",\"@id\":\"https:\/\/www.vilademuro.net\/es\/#website\",\"url\":\"https:\/\/www.vilademuro.net\/es\/\",\"name\":\"Ajuntament de Muro d'Alcoi\",\"description\":\"P\u00e1gina web oficial de l&#039;Ajuntament de Muro\",\"publisher\":{\"@id\":\"https:\/\/www.vilademuro.net\/es\/#organization\"},\"potentialAction\":[{\"@type\":\"SearchAction\",\"target\":{\"@type\":\"EntryPoint\",\"urlTemplate\":\"https:\/\/www.vilademuro.net\/es\/?s={search_term_string}\"},\"query-input\":{\"@type\":\"PropertyValueSpecification\",\"valueRequired\":true,\"valueName\":\"search_term_string\"}}],\"inLanguage\":\"es\"},{\"@type\":\"Organization\",\"@id\":\"https:\/\/www.vilademuro.net\/es\/#organization\",\"name\":\"Ajuntament de Muro\",\"url\":\"https:\/\/www.vilademuro.net\/es\/\",\"logo\":{\"@type\":\"ImageObject\",\"inLanguage\":\"es\",\"@id\":\"https:\/\/www.vilademuro.net\/es\/#\/schema\/logo\/image\/\",\"url\":\"https:\/\/www.vilademuro.net\/wp-content\/uploads\/2022\/10\/LOGO3-2.jpg\",\"contentUrl\":\"https:\/\/www.vilademuro.net\/wp-content\/uploads\/2022\/10\/LOGO3-2.jpg\",\"width\":756,\"height\":517,\"caption\":\"Ajuntament de Muro\"},\"image\":{\"@id\":\"https:\/\/www.vilademuro.net\/es\/#\/schema\/logo\/image\/\"},\"sameAs\":[\"https:\/\/www.facebook.com\/murodealcoy\",\"https:\/\/x.com\/AjuntamentMuro\",\"https:\/\/www.youtube.com\/channel\/UC2rwbKfRqsd1Ncwm6Y1prQw\"]}]}<\/script>\n<!-- \/ Yoast SEO plugin. -->","yoast_head_json":{"title":"Gastronom\u00eda | Ajuntament de Muro","robots":{"index":"index","follow":"follow","max-snippet":"max-snippet:-1","max-image-preview":"max-image-preview:large","max-video-preview":"max-video-preview:-1"},"canonical":"https:\/\/www.vilademuro.net\/es\/turismo\/gastronomia\/","og_locale":"es_ES","og_type":"article","og_title":"Gastronom\u00eda | Ajuntament de Muro","og_description":"El\u00a0aceite, imprescindible en nuestra dieta mediterr\u00e1nea, se produce aqu\u00ed en abundancia, siendo de excelente calidad y prestigio. Como de prestigio bien reconocido es tambi\u00e9n la gastronom\u00eda de \"casa llauradora\". Pasamos [&hellip;]","og_url":"https:\/\/www.vilademuro.net\/es\/turismo\/gastronomia\/","og_site_name":"Ajuntament de Muro","article_publisher":"https:\/\/www.facebook.com\/murodealcoy","article_modified_time":"2020-04-07T12:34:00+00:00","og_image":[{"width":1054,"height":699,"url":"https:\/\/www.vilademuro.net\/wp-content\/uploads\/2019\/12\/aceite-grande.jpg","type":"image\/jpeg"}],"twitter_card":"summary_large_image","twitter_site":"@AjuntamentMuro","twitter_misc":{"Tiempo de lectura":"2 minutos"},"schema":{"@context":"https:\/\/schema.org","@graph":[{"@type":"WebPage","@id":"https:\/\/www.vilademuro.net\/es\/turismo\/gastronomia\/","url":"https:\/\/www.vilademuro.net\/es\/turismo\/gastronomia\/","name":"Gastronom\u00eda | Ajuntament de Muro","isPartOf":{"@id":"https:\/\/www.vilademuro.net\/es\/#website"},"primaryImageOfPage":{"@id":"https:\/\/www.vilademuro.net\/es\/turismo\/gastronomia\/#primaryimage"},"image":{"@id":"https:\/\/www.vilademuro.net\/es\/turismo\/gastronomia\/#primaryimage"},"thumbnailUrl":"https:\/\/www.vilademuro.net\/wp-content\/uploads\/2019\/12\/aceite-grande.jpg","datePublished":"2019-12-02T10:30:31+00:00","dateModified":"2020-04-07T12:34:00+00:00","breadcrumb":{"@id":"https:\/\/www.vilademuro.net\/es\/turismo\/gastronomia\/#breadcrumb"},"inLanguage":"es","potentialAction":[{"@type":"ReadAction","target":["https:\/\/www.vilademuro.net\/es\/turismo\/gastronomia\/"]}]},{"@type":"ImageObject","inLanguage":"es","@id":"https:\/\/www.vilademuro.net\/es\/turismo\/gastronomia\/#primaryimage","url":"https:\/\/www.vilademuro.net\/wp-content\/uploads\/2019\/12\/aceite-grande.jpg","contentUrl":"https:\/\/www.vilademuro.net\/wp-content\/uploads\/2019\/12\/aceite-grande.jpg","width":1054,"height":699,"caption":"aceite"},{"@type":"BreadcrumbList","@id":"https:\/\/www.vilademuro.net\/es\/turismo\/gastronomia\/#breadcrumb","itemListElement":[{"@type":"ListItem","position":1,"name":"Inici","item":"https:\/\/www.vilademuro.net\/es\/"},{"@type":"ListItem","position":2,"name":"Turismo","item":"https:\/\/www.vilademuro.net\/es\/turisme\/"},{"@type":"ListItem","position":3,"name":"Gastronom\u00eda"}]},{"@type":"WebSite","@id":"https:\/\/www.vilademuro.net\/es\/#website","url":"https:\/\/www.vilademuro.net\/es\/","name":"Ajuntament de Muro d'Alcoi","description":"P\u00e1gina web oficial de l&#039;Ajuntament de Muro","publisher":{"@id":"https:\/\/www.vilademuro.net\/es\/#organization"},"potentialAction":[{"@type":"SearchAction","target":{"@type":"EntryPoint","urlTemplate":"https:\/\/www.vilademuro.net\/es\/?s={search_term_string}"},"query-input":{"@type":"PropertyValueSpecification","valueRequired":true,"valueName":"search_term_string"}}],"inLanguage":"es"},{"@type":"Organization","@id":"https:\/\/www.vilademuro.net\/es\/#organization","name":"Ajuntament de Muro","url":"https:\/\/www.vilademuro.net\/es\/","logo":{"@type":"ImageObject","inLanguage":"es","@id":"https:\/\/www.vilademuro.net\/es\/#\/schema\/logo\/image\/","url":"https:\/\/www.vilademuro.net\/wp-content\/uploads\/2022\/10\/LOGO3-2.jpg","contentUrl":"https:\/\/www.vilademuro.net\/wp-content\/uploads\/2022\/10\/LOGO3-2.jpg","width":756,"height":517,"caption":"Ajuntament de Muro"},"image":{"@id":"https:\/\/www.vilademuro.net\/es\/#\/schema\/logo\/image\/"},"sameAs":["https:\/\/www.facebook.com\/murodealcoy","https:\/\/x.com\/AjuntamentMuro","https:\/\/www.youtube.com\/channel\/UC2rwbKfRqsd1Ncwm6Y1prQw"]}]}},"_links":{"self":[{"href":"https:\/\/www.vilademuro.net\/es\/wp-json\/wp\/v2\/pages\/35235","targetHints":{"allow":["GET"]}}],"collection":[{"href":"https:\/\/www.vilademuro.net\/es\/wp-json\/wp\/v2\/pages"}],"about":[{"href":"https:\/\/www.vilademuro.net\/es\/wp-json\/wp\/v2\/types\/page"}],"author":[{"embeddable":true,"href":"https:\/\/www.vilademuro.net\/es\/wp-json\/wp\/v2\/users\/1"}],"replies":[{"embeddable":true,"href":"https:\/\/www.vilademuro.net\/es\/wp-json\/wp\/v2\/comments?post=35235"}],"version-history":[{"count":0,"href":"https:\/\/www.vilademuro.net\/es\/wp-json\/wp\/v2\/pages\/35235\/revisions"}],"up":[{"embeddable":true,"href":"https:\/\/www.vilademuro.net\/es\/wp-json\/wp\/v2\/pages\/35261"}],"wp:featuredmedia":[{"embeddable":true,"href":"https:\/\/www.vilademuro.net\/es\/wp-json\/wp\/v2\/media\/30309"}],"wp:attachment":[{"href":"https:\/\/www.vilademuro.net\/es\/wp-json\/wp\/v2\/media?parent=35235"}],"curies":[{"name":"wp","href":"https:\/\/api.w.org\/{rel}","templated":true}]}}